{"id":2163,"date":"2025-02-25T16:06:42","date_gmt":"2025-02-25T16:06:42","guid":{"rendered":"https:\/\/www.isabelroyan.com\/?post_type=novedad&#038;p=2163"},"modified":"2025-02-25T16:06:43","modified_gmt":"2025-02-25T16:06:43","slug":"isabel-royan-nominada-a-mejor-musica-original-en-los-premios-carmen-2025-por-su-trabajo-para-las-chicas-de-la-estacion-juana-macias","status":"publish","type":"novedad","link":"https:\/\/www.isabelroyan.com\/eng\/novedad\/isabel-royan-nominada-a-mejor-musica-original-en-los-premios-carmen-2025-por-su-trabajo-para-las-chicas-de-la-estacion-juana-macias\/","title":{"rendered":"Isabel Roy\u00e1n nominada a Mejor M\u00fasica Original en los Premios Carmen 2025 por su trabajo para \u00abLas chicas de la estaci\u00f3n\u00bb (Juana Mac\u00edas)"},"content":{"rendered":"","protected":false},"excerpt":{"rendered":"","protected":false},"featured_media":2164,"template":"","meta":{"_acf_changed":true},"class_list":["post-2163","novedad","type-novedad","status-publish","has-post-thumbnail","hentry"],"acf":[],"yoast_head":"<!-- This site is optimized with the Yoast SEO plugin v24.6 - https:\/\/yoast.com\/wordpress\/plugins\/seo\/ -->\n<title>Isabel Roy\u00e1n nominada a Mejor M\u00fasica Original en los Premios Carmen 2025 por su trabajo para &quot;Las chicas de la estaci\u00f3n&quot; (Juana Mac\u00edas) - Isabel Roy\u00e1n<\/title>\n<meta name=\"robots\" content=\"index, follow, max-snippet:-1, max-image-preview:large, max-video-preview:-1\" \/>\n<link rel=\"canonical\" href=\"https:\/\/www.isabelroyan.com\/eng\/novedad\/isabel-royan-nominada-a-mejor-musica-original-en-los-premios-carmen-2025-por-su-trabajo-para-las-chicas-de-la-estacion-juana-macias\/\" \/>\n<meta property=\"og:locale\" content=\"en_GB\" \/>\n<meta property=\"og:type\" content=\"article\" \/>\n<meta property=\"og:title\" content=\"Isabel Roy\u00e1n nominada a Mejor M\u00fasica Original en los Premios Carmen 2025 por su trabajo para &quot;Las chicas de la estaci\u00f3n&quot; (Juana Mac\u00edas) - Isabel Roy\u00e1n\" \/>\n<meta property=\"og:url\" content=\"https:\/\/www.isabelroyan.com\/eng\/novedad\/isabel-royan-nominada-a-mejor-musica-original-en-los-premios-carmen-2025-por-su-trabajo-para-las-chicas-de-la-estacion-juana-macias\/\" \/>\n<meta property=\"og:site_name\" content=\"Isabel Roy\u00e1n\" \/>\n<meta property=\"article:modified_time\" content=\"2025-02-25T16:06:43+00:00\" \/>\n<meta property=\"og:image\" content=\"https:\/\/www.isabelroyan.com\/wp-content\/uploads\/2025\/02\/470570477_898877375750387_6325561618275958567_n.jpg\" \/>\n\t<meta property=\"og:image:width\" content=\"804\" \/>\n\t<meta property=\"og:image:height\" content=\"790\" \/>\n\t<meta property=\"og:image:type\" content=\"image\/jpeg\" \/>\n<meta name=\"twitter:card\" content=\"summary_large_image\" \/>\n<meta name=\"twitter:label1\" content=\"Estimated reading time\" \/>\n\t<meta name=\"twitter:data1\" content=\"1 minute\" \/>\n<script type=\"application\/ld+json\" class=\"yoast-schema-graph\">{\"@context\":\"https:\/\/schema.org\",\"@graph\":[{\"@type\":\"WebPage\",\"@id\":\"https:\/\/www.isabelroyan.com\/novedad\/isabel-royan-nominada-a-mejor-musica-original-en-los-premios-carmen-2025-por-su-trabajo-para-las-chicas-de-la-estacion-juana-macias\/\",\"url\":\"https:\/\/www.isabelroyan.com\/novedad\/isabel-royan-nominada-a-mejor-musica-original-en-los-premios-carmen-2025-por-su-trabajo-para-las-chicas-de-la-estacion-juana-macias\/\",\"name\":\"Isabel Roy\u00e1n nominada a Mejor M\u00fasica Original en los Premios Carmen 2025 por su trabajo para \\\"Las chicas de la estaci\u00f3n\\\" (Juana Mac\u00edas) - Isabel Roy\u00e1n\",\"isPartOf\":{\"@id\":\"https:\/\/www.isabelroyan.com\/#website\"},\"primaryImageOfPage\":{\"@id\":\"https:\/\/www.isabelroyan.com\/novedad\/isabel-royan-nominada-a-mejor-musica-original-en-los-premios-carmen-2025-por-su-trabajo-para-las-chicas-de-la-estacion-juana-macias\/#primaryimage\"},\"image\":{\"@id\":\"https:\/\/www.isabelroyan.com\/novedad\/isabel-royan-nominada-a-mejor-musica-original-en-los-premios-carmen-2025-por-su-trabajo-para-las-chicas-de-la-estacion-juana-macias\/#primaryimage\"},\"thumbnailUrl\":\"https:\/\/www.isabelroyan.com\/wp-content\/uploads\/2025\/02\/470570477_898877375750387_6325561618275958567_n.jpg\",\"datePublished\":\"2025-02-25T16:06:42+00:00\",\"dateModified\":\"2025-02-25T16:06:43+00:00\",\"breadcrumb\":{\"@id\":\"https:\/\/www.isabelroyan.com\/novedad\/isabel-royan-nominada-a-mejor-musica-original-en-los-premios-carmen-2025-por-su-trabajo-para-las-chicas-de-la-estacion-juana-macias\/#breadcrumb\"},\"inLanguage\":\"en-GB\",\"potentialAction\":[{\"@type\":\"ReadAction\",\"target\":[\"https:\/\/www.isabelroyan.com\/novedad\/isabel-royan-nominada-a-mejor-musica-original-en-los-premios-carmen-2025-por-su-trabajo-para-las-chicas-de-la-estacion-juana-macias\/\"]}]},{\"@type\":\"ImageObject\",\"inLanguage\":\"en-GB\",\"@id\":\"https:\/\/www.isabelroyan.com\/novedad\/isabel-royan-nominada-a-mejor-musica-original-en-los-premios-carmen-2025-por-su-trabajo-para-las-chicas-de-la-estacion-juana-macias\/#primaryimage\",\"url\":\"https:\/\/www.isabelroyan.com\/wp-content\/uploads\/2025\/02\/470570477_898877375750387_6325561618275958567_n.jpg\",\"contentUrl\":\"https:\/\/www.isabelroyan.com\/wp-content\/uploads\/2025\/02\/470570477_898877375750387_6325561618275958567_n.jpg\",\"width\":804,\"height\":790},{\"@type\":\"BreadcrumbList\",\"@id\":\"https:\/\/www.isabelroyan.com\/novedad\/isabel-royan-nominada-a-mejor-musica-original-en-los-premios-carmen-2025-por-su-trabajo-para-las-chicas-de-la-estacion-juana-macias\/#breadcrumb\",\"itemListElement\":[{\"@type\":\"ListItem\",\"position\":1,\"name\":\"Portada\",\"item\":\"https:\/\/www.isabelroyan.com\/\"},{\"@type\":\"ListItem\",\"position\":2,\"name\":\"Isabel Roy\u00e1n nominada a Mejor M\u00fasica Original en los Premios Carmen 2025 por su trabajo para \u00abLas chicas de la estaci\u00f3n\u00bb (Juana Mac\u00edas)\"}]},{\"@type\":\"WebSite\",\"@id\":\"https:\/\/www.isabelroyan.com\/#website\",\"url\":\"https:\/\/www.isabelroyan.com\/\",\"name\":\"Isabel Roy\u00e1n\",\"description\":\"\",\"potentialAction\":[{\"@type\":\"SearchAction\",\"target\":{\"@type\":\"EntryPoint\",\"urlTemplate\":\"https:\/\/www.isabelroyan.com\/?s={search_term_string}\"},\"query-input\":{\"@type\":\"PropertyValueSpecification\",\"valueRequired\":true,\"valueName\":\"search_term_string\"}}],\"inLanguage\":\"en-GB\"}]}<\/script>\n<!-- \/ Yoast SEO plugin. -->","yoast_head_json":{"title":"Isabel Roy\u00e1n nominada a Mejor M\u00fasica Original en los Premios Carmen 2025 por su trabajo para \"Las chicas de la estaci\u00f3n\" (Juana Mac\u00edas) - Isabel Roy\u00e1n","robots":{"index":"index","follow":"follow","max-snippet":"max-snippet:-1","max-image-preview":"max-image-preview:large","max-video-preview":"max-video-preview:-1"},"canonical":"https:\/\/www.isabelroyan.com\/eng\/novedad\/isabel-royan-nominada-a-mejor-musica-original-en-los-premios-carmen-2025-por-su-trabajo-para-las-chicas-de-la-estacion-juana-macias\/","og_locale":"en_GB","og_type":"article","og_title":"Isabel Roy\u00e1n nominada a Mejor M\u00fasica Original en los Premios Carmen 2025 por su trabajo para \"Las chicas de la estaci\u00f3n\" (Juana Mac\u00edas) - Isabel Roy\u00e1n","og_url":"https:\/\/www.isabelroyan.com\/eng\/novedad\/isabel-royan-nominada-a-mejor-musica-original-en-los-premios-carmen-2025-por-su-trabajo-para-las-chicas-de-la-estacion-juana-macias\/","og_site_name":"Isabel Roy\u00e1n","article_modified_time":"2025-02-25T16:06:43+00:00","og_image":[{"width":804,"height":790,"url":"https:\/\/www.isabelroyan.com\/wp-content\/uploads\/2025\/02\/470570477_898877375750387_6325561618275958567_n.jpg","type":"image\/jpeg"}],"twitter_card":"summary_large_image","twitter_misc":{"Estimated reading time":"1 minute"},"schema":{"@context":"https:\/\/schema.org","@graph":[{"@type":"WebPage","@id":"https:\/\/www.isabelroyan.com\/novedad\/isabel-royan-nominada-a-mejor-musica-original-en-los-premios-carmen-2025-por-su-trabajo-para-las-chicas-de-la-estacion-juana-macias\/","url":"https:\/\/www.isabelroyan.com\/novedad\/isabel-royan-nominada-a-mejor-musica-original-en-los-premios-carmen-2025-por-su-trabajo-para-las-chicas-de-la-estacion-juana-macias\/","name":"Isabel Roy\u00e1n nominada a Mejor M\u00fasica Original en los Premios Carmen 2025 por su trabajo para \"Las chicas de la estaci\u00f3n\" (Juana Mac\u00edas) - Isabel Roy\u00e1n","isPartOf":{"@id":"https:\/\/www.isabelroyan.com\/#website"},"primaryImageOfPage":{"@id":"https:\/\/www.isabelroyan.com\/novedad\/isabel-royan-nominada-a-mejor-musica-original-en-los-premios-carmen-2025-por-su-trabajo-para-las-chicas-de-la-estacion-juana-macias\/#primaryimage"},"image":{"@id":"https:\/\/www.isabelroyan.com\/novedad\/isabel-royan-nominada-a-mejor-musica-original-en-los-premios-carmen-2025-por-su-trabajo-para-las-chicas-de-la-estacion-juana-macias\/#primaryimage"},"thumbnailUrl":"https:\/\/www.isabelroyan.com\/wp-content\/uploads\/2025\/02\/470570477_898877375750387_6325561618275958567_n.jpg","datePublished":"2025-02-25T16:06:42+00:00","dateModified":"2025-02-25T16:06:43+00:00","breadcrumb":{"@id":"https:\/\/www.isabelroyan.com\/novedad\/isabel-royan-nominada-a-mejor-musica-original-en-los-premios-carmen-2025-por-su-trabajo-para-las-chicas-de-la-estacion-juana-macias\/#breadcrumb"},"inLanguage":"en-GB","potentialAction":[{"@type":"ReadAction","target":["https:\/\/www.isabelroyan.com\/novedad\/isabel-royan-nominada-a-mejor-musica-original-en-los-premios-carmen-2025-por-su-trabajo-para-las-chicas-de-la-estacion-juana-macias\/"]}]},{"@type":"ImageObject","inLanguage":"en-GB","@id":"https:\/\/www.isabelroyan.com\/novedad\/isabel-royan-nominada-a-mejor-musica-original-en-los-premios-carmen-2025-por-su-trabajo-para-las-chicas-de-la-estacion-juana-macias\/#primaryimage","url":"https:\/\/www.isabelroyan.com\/wp-content\/uploads\/2025\/02\/470570477_898877375750387_6325561618275958567_n.jpg","contentUrl":"https:\/\/www.isabelroyan.com\/wp-content\/uploads\/2025\/02\/470570477_898877375750387_6325561618275958567_n.jpg","width":804,"height":790},{"@type":"BreadcrumbList","@id":"https:\/\/www.isabelroyan.com\/novedad\/isabel-royan-nominada-a-mejor-musica-original-en-los-premios-carmen-2025-por-su-trabajo-para-las-chicas-de-la-estacion-juana-macias\/#breadcrumb","itemListElement":[{"@type":"ListItem","position":1,"name":"Portada","item":"https:\/\/www.isabelroyan.com\/"},{"@type":"ListItem","position":2,"name":"Isabel Roy\u00e1n nominada a Mejor M\u00fasica Original en los Premios Carmen 2025 por su trabajo para \u00abLas chicas de la estaci\u00f3n\u00bb (Juana Mac\u00edas)"}]},{"@type":"WebSite","@id":"https:\/\/www.isabelroyan.com\/#website","url":"https:\/\/www.isabelroyan.com\/","name":"Isabel Roy\u00e1n","description":"","potentialAction":[{"@type":"SearchAction","target":{"@type":"EntryPoint","urlTemplate":"https:\/\/www.isabelroyan.com\/?s={search_term_string}"},"query-input":{"@type":"PropertyValueSpecification","valueRequired":true,"valueName":"search_term_string"}}],"inLanguage":"en-GB"}]}},"_links":{"self":[{"href":"https:\/\/www.isabelroyan.com\/eng\/wp-json\/wp\/v2\/novedad\/2163","targetHints":{"allow":["GET"]}}],"collection":[{"href":"https:\/\/www.isabelroyan.com\/eng\/wp-json\/wp\/v2\/novedad"}],"about":[{"href":"https:\/\/www.isabelroyan.com\/eng\/wp-json\/wp\/v2\/types\/novedad"}],"wp:featuredmedia":[{"embeddable":true,"href":"https:\/\/www.isabelroyan.com\/eng\/wp-json\/wp\/v2\/media\/2164"}],"wp:attachment":[{"href":"https:\/\/www.isabelroyan.com\/eng\/wp-json\/wp\/v2\/media?parent=2163"}],"curies":[{"name":"wp","href":"https:\/\/api.w.org\/{rel}","templated":true}]}}