{"id":2659,"date":"2025-11-17T13:33:10","date_gmt":"2025-11-17T13:33:10","guid":{"rendered":"https:\/\/www.isabelroyan.com\/?post_type=novedad&#038;p=2659"},"modified":"2025-11-17T13:40:15","modified_gmt":"2025-11-17T13:40:15","slug":"la-bso-de-olvido-en-la-iv-edicion-de-sonafilm-de-la-mano-de-la-universal-symphony-orchestra","status":"publish","type":"novedad","link":"https:\/\/www.isabelroyan.com\/eng\/novedad\/la-bso-de-olvido-en-la-iv-edicion-de-sonafilm-de-la-mano-de-la-universal-symphony-orchestra\/","title":{"rendered":"La BSO de \u00abOlvido\u00bb en la IV edici\u00f3n de Sonafilm de la mano de la Universal Symphony Orchestra"},"content":{"rendered":"","protected":false},"excerpt":{"rendered":"","protected":false},"featured_media":2661,"template":"","meta":{"_acf_changed":true},"class_list":["post-2659","novedad","type-novedad","status-publish","has-post-thumbnail","hentry"],"acf":[],"yoast_head":"<!-- This site is optimized with the Yoast SEO plugin v24.6 - https:\/\/yoast.com\/wordpress\/plugins\/seo\/ -->\n<title>La BSO de &quot;Olvido&quot; en la IV edici\u00f3n de Sonafilm de la mano de la Universal Symphony Orchestra - Isabel Roy\u00e1n<\/title>\n<meta name=\"description\" content=\"Por tercer a\u00f1o consecutivo, Calpe celebrar\u00e1 el concierto sinf\u00f3nico Made in Spain 3, a cargo de la Universal Symphony Orchestra, contando con obras de compositores nacionales como Arturo Cardel\u00fas, Iv\u00e1n Palomares, Isabel Roy\u00e1n, Josu\u00e9 Vergara y \u00d3scar Ara\u00fajo, presentados por Gorka Oteiza de SoundTrackFest. El concierto tendr\u00e1 lugar el 16 de agosto de 2025 a las 20:00 horas en el Auditorio de Calpe y en \u00e9l se interpretar\u00e1 una suite de la banda sonora compuesta por Isabel Roy\u00e1n para la pel\u00edcula de In\u00e9s Par\u00eds &quot;Olvido&quot;, un film ambientado en las inundaciones que arrasaron Valencia en 1957 y en cuyo contexto aparecen unos cad\u00e1veres en extra\u00f1as circunstancias que parecen no tener que ver con el desastre natural. La banda sonora se grab\u00f3 en su versi\u00f3n original con orquesta en Estudio Uno y cont\u00f3 con la participaci\u00f3n del Tr\u00edo Arb\u00f3s, Premios Nacional de M\u00fasica 2018.\" \/>\n<meta name=\"robots\" content=\"index, follow, max-snippet:-1, max-image-preview:large, max-video-preview:-1\" \/>\n<link rel=\"canonical\" href=\"https:\/\/www.isabelroyan.com\/eng\/novedad\/la-bso-de-olvido-en-la-iv-edicion-de-sonafilm-de-la-mano-de-la-universal-symphony-orchestra\/\" \/>\n<meta property=\"og:locale\" content=\"en_GB\" \/>\n<meta property=\"og:type\" content=\"article\" \/>\n<meta property=\"og:title\" content=\"La BSO de &quot;Olvido&quot; en la IV edici\u00f3n de Sonafilm de la mano de la Universal Symphony Orchestra - Isabel Roy\u00e1n\" \/>\n<meta property=\"og:description\" content=\"Por tercer a\u00f1o consecutivo, Calpe celebrar\u00e1 el concierto sinf\u00f3nico Made in Spain 3, a cargo de la Universal Symphony Orchestra, contando con obras de compositores nacionales como Arturo Cardel\u00fas, Iv\u00e1n Palomares, Isabel Roy\u00e1n, Josu\u00e9 Vergara y \u00d3scar Ara\u00fajo, presentados por Gorka Oteiza de SoundTrackFest. El concierto tendr\u00e1 lugar el 16 de agosto de 2025 a las 20:00 horas en el Auditorio de Calpe y en \u00e9l se interpretar\u00e1 una suite de la banda sonora compuesta por Isabel Roy\u00e1n para la pel\u00edcula de In\u00e9s Par\u00eds &quot;Olvido&quot;, un film ambientado en las inundaciones que arrasaron Valencia en 1957 y en cuyo contexto aparecen unos cad\u00e1veres en extra\u00f1as circunstancias que parecen no tener que ver con el desastre natural. La banda sonora se grab\u00f3 en su versi\u00f3n original con orquesta en Estudio Uno y cont\u00f3 con la participaci\u00f3n del Tr\u00edo Arb\u00f3s, Premios Nacional de M\u00fasica 2018.\" \/>\n<meta property=\"og:url\" content=\"https:\/\/www.isabelroyan.com\/eng\/novedad\/la-bso-de-olvido-en-la-iv-edicion-de-sonafilm-de-la-mano-de-la-universal-symphony-orchestra\/\" \/>\n<meta property=\"og:site_name\" content=\"Isabel Roy\u00e1n\" \/>\n<meta property=\"article:modified_time\" content=\"2025-11-17T13:40:15+00:00\" \/>\n<meta property=\"og:image\" content=\"https:\/\/www.isabelroyan.com\/wp-content\/uploads\/2025\/11\/16_08_2025_festival_sonafilm-scaled.jpg\" \/>\n\t<meta property=\"og:image:width\" content=\"1811\" \/>\n\t<meta property=\"og:image:height\" content=\"2560\" \/>\n\t<meta property=\"og:image:type\" content=\"image\/jpeg\" \/>\n<meta name=\"twitter:card\" content=\"summary_large_image\" \/>\n<meta name=\"twitter:label1\" content=\"Estimated reading time\" \/>\n\t<meta name=\"twitter:data1\" content=\"1 minute\" \/>\n<script type=\"application\/ld+json\" class=\"yoast-schema-graph\">{\"@context\":\"https:\/\/schema.org\",\"@graph\":[{\"@type\":\"WebPage\",\"@id\":\"https:\/\/www.isabelroyan.com\/novedad\/la-bso-de-olvido-en-la-iv-edicion-de-sonafilm-de-la-mano-de-la-universal-symphony-orchestra\/\",\"url\":\"https:\/\/www.isabelroyan.com\/novedad\/la-bso-de-olvido-en-la-iv-edicion-de-sonafilm-de-la-mano-de-la-universal-symphony-orchestra\/\",\"name\":\"La BSO de \\\"Olvido\\\" en la IV edici\u00f3n de Sonafilm de la mano de la Universal Symphony Orchestra - Isabel Roy\u00e1n\",\"isPartOf\":{\"@id\":\"https:\/\/www.isabelroyan.com\/#website\"},\"primaryImageOfPage\":{\"@id\":\"https:\/\/www.isabelroyan.com\/novedad\/la-bso-de-olvido-en-la-iv-edicion-de-sonafilm-de-la-mano-de-la-universal-symphony-orchestra\/#primaryimage\"},\"image\":{\"@id\":\"https:\/\/www.isabelroyan.com\/novedad\/la-bso-de-olvido-en-la-iv-edicion-de-sonafilm-de-la-mano-de-la-universal-symphony-orchestra\/#primaryimage\"},\"thumbnailUrl\":\"https:\/\/www.isabelroyan.com\/wp-content\/uploads\/2025\/11\/16_08_2025_festival_sonafilm-scaled.jpg\",\"datePublished\":\"2025-11-17T13:33:10+00:00\",\"dateModified\":\"2025-11-17T13:40:15+00:00\",\"description\":\"Por tercer a\u00f1o consecutivo, Calpe celebrar\u00e1 el concierto sinf\u00f3nico Made in Spain 3, a cargo de la Universal Symphony Orchestra, contando con obras de compositores nacionales como Arturo Cardel\u00fas, Iv\u00e1n Palomares, Isabel Roy\u00e1n, Josu\u00e9 Vergara y \u00d3scar Ara\u00fajo, presentados por Gorka Oteiza de SoundTrackFest. El concierto tendr\u00e1 lugar el 16 de agosto de 2025 a las 20:00 horas en el Auditorio de Calpe y en \u00e9l se interpretar\u00e1 una suite de la banda sonora compuesta por Isabel Roy\u00e1n para la pel\u00edcula de In\u00e9s Par\u00eds \\\"Olvido\\\", un film ambientado en las inundaciones que arrasaron Valencia en 1957 y en cuyo contexto aparecen unos cad\u00e1veres en extra\u00f1as circunstancias que parecen no tener que ver con el desastre natural. La banda sonora se grab\u00f3 en su versi\u00f3n original con orquesta en Estudio Uno y cont\u00f3 con la participaci\u00f3n del Tr\u00edo Arb\u00f3s, Premios Nacional de M\u00fasica 2018.\",\"breadcrumb\":{\"@id\":\"https:\/\/www.isabelroyan.com\/novedad\/la-bso-de-olvido-en-la-iv-edicion-de-sonafilm-de-la-mano-de-la-universal-symphony-orchestra\/#breadcrumb\"},\"inLanguage\":\"en-GB\",\"potentialAction\":[{\"@type\":\"ReadAction\",\"target\":[\"https:\/\/www.isabelroyan.com\/novedad\/la-bso-de-olvido-en-la-iv-edicion-de-sonafilm-de-la-mano-de-la-universal-symphony-orchestra\/\"]}]},{\"@type\":\"ImageObject\",\"inLanguage\":\"en-GB\",\"@id\":\"https:\/\/www.isabelroyan.com\/novedad\/la-bso-de-olvido-en-la-iv-edicion-de-sonafilm-de-la-mano-de-la-universal-symphony-orchestra\/#primaryimage\",\"url\":\"https:\/\/www.isabelroyan.com\/wp-content\/uploads\/2025\/11\/16_08_2025_festival_sonafilm-scaled.jpg\",\"contentUrl\":\"https:\/\/www.isabelroyan.com\/wp-content\/uploads\/2025\/11\/16_08_2025_festival_sonafilm-scaled.jpg\",\"width\":1811,\"height\":2560},{\"@type\":\"BreadcrumbList\",\"@id\":\"https:\/\/www.isabelroyan.com\/novedad\/la-bso-de-olvido-en-la-iv-edicion-de-sonafilm-de-la-mano-de-la-universal-symphony-orchestra\/#breadcrumb\",\"itemListElement\":[{\"@type\":\"ListItem\",\"position\":1,\"name\":\"Portada\",\"item\":\"https:\/\/www.isabelroyan.com\/\"},{\"@type\":\"ListItem\",\"position\":2,\"name\":\"La BSO de \u00abOlvido\u00bb en la IV edici\u00f3n de Sonafilm de la mano de la Universal Symphony Orchestra\"}]},{\"@type\":\"WebSite\",\"@id\":\"https:\/\/www.isabelroyan.com\/#website\",\"url\":\"https:\/\/www.isabelroyan.com\/\",\"name\":\"Isabel Roy\u00e1n\",\"description\":\"\",\"potentialAction\":[{\"@type\":\"SearchAction\",\"target\":{\"@type\":\"EntryPoint\",\"urlTemplate\":\"https:\/\/www.isabelroyan.com\/?s={search_term_string}\"},\"query-input\":{\"@type\":\"PropertyValueSpecification\",\"valueRequired\":true,\"valueName\":\"search_term_string\"}}],\"inLanguage\":\"en-GB\"}]}<\/script>\n<!-- \/ Yoast SEO plugin. -->","yoast_head_json":{"title":"La BSO de \"Olvido\" en la IV edici\u00f3n de Sonafilm de la mano de la Universal Symphony Orchestra - Isabel Roy\u00e1n","description":"Por tercer a\u00f1o consecutivo, Calpe celebrar\u00e1 el concierto sinf\u00f3nico Made in Spain 3, a cargo de la Universal Symphony Orchestra, contando con obras de compositores nacionales como Arturo Cardel\u00fas, Iv\u00e1n Palomares, Isabel Roy\u00e1n, Josu\u00e9 Vergara y \u00d3scar Ara\u00fajo, presentados por Gorka Oteiza de SoundTrackFest. El concierto tendr\u00e1 lugar el 16 de agosto de 2025 a las 20:00 horas en el Auditorio de Calpe y en \u00e9l se interpretar\u00e1 una suite de la banda sonora compuesta por Isabel Roy\u00e1n para la pel\u00edcula de In\u00e9s Par\u00eds \"Olvido\", un film ambientado en las inundaciones que arrasaron Valencia en 1957 y en cuyo contexto aparecen unos cad\u00e1veres en extra\u00f1as circunstancias que parecen no tener que ver con el desastre natural. La banda sonora se grab\u00f3 en su versi\u00f3n original con orquesta en Estudio Uno y cont\u00f3 con la participaci\u00f3n del Tr\u00edo Arb\u00f3s, Premios Nacional de M\u00fasica 2018.","robots":{"index":"index","follow":"follow","max-snippet":"max-snippet:-1","max-image-preview":"max-image-preview:large","max-video-preview":"max-video-preview:-1"},"canonical":"https:\/\/www.isabelroyan.com\/eng\/novedad\/la-bso-de-olvido-en-la-iv-edicion-de-sonafilm-de-la-mano-de-la-universal-symphony-orchestra\/","og_locale":"en_GB","og_type":"article","og_title":"La BSO de \"Olvido\" en la IV edici\u00f3n de Sonafilm de la mano de la Universal Symphony Orchestra - Isabel Roy\u00e1n","og_description":"Por tercer a\u00f1o consecutivo, Calpe celebrar\u00e1 el concierto sinf\u00f3nico Made in Spain 3, a cargo de la Universal Symphony Orchestra, contando con obras de compositores nacionales como Arturo Cardel\u00fas, Iv\u00e1n Palomares, Isabel Roy\u00e1n, Josu\u00e9 Vergara y \u00d3scar Ara\u00fajo, presentados por Gorka Oteiza de SoundTrackFest. El concierto tendr\u00e1 lugar el 16 de agosto de 2025 a las 20:00 horas en el Auditorio de Calpe y en \u00e9l se interpretar\u00e1 una suite de la banda sonora compuesta por Isabel Roy\u00e1n para la pel\u00edcula de In\u00e9s Par\u00eds \"Olvido\", un film ambientado en las inundaciones que arrasaron Valencia en 1957 y en cuyo contexto aparecen unos cad\u00e1veres en extra\u00f1as circunstancias que parecen no tener que ver con el desastre natural. La banda sonora se grab\u00f3 en su versi\u00f3n original con orquesta en Estudio Uno y cont\u00f3 con la participaci\u00f3n del Tr\u00edo Arb\u00f3s, Premios Nacional de M\u00fasica 2018.","og_url":"https:\/\/www.isabelroyan.com\/eng\/novedad\/la-bso-de-olvido-en-la-iv-edicion-de-sonafilm-de-la-mano-de-la-universal-symphony-orchestra\/","og_site_name":"Isabel Roy\u00e1n","article_modified_time":"2025-11-17T13:40:15+00:00","og_image":[{"width":1811,"height":2560,"url":"https:\/\/www.isabelroyan.com\/wp-content\/uploads\/2025\/11\/16_08_2025_festival_sonafilm-scaled.jpg","type":"image\/jpeg"}],"twitter_card":"summary_large_image","twitter_misc":{"Estimated reading time":"1 minute"},"schema":{"@context":"https:\/\/schema.org","@graph":[{"@type":"WebPage","@id":"https:\/\/www.isabelroyan.com\/novedad\/la-bso-de-olvido-en-la-iv-edicion-de-sonafilm-de-la-mano-de-la-universal-symphony-orchestra\/","url":"https:\/\/www.isabelroyan.com\/novedad\/la-bso-de-olvido-en-la-iv-edicion-de-sonafilm-de-la-mano-de-la-universal-symphony-orchestra\/","name":"La BSO de \"Olvido\" en la IV edici\u00f3n de Sonafilm de la mano de la Universal Symphony Orchestra - Isabel Roy\u00e1n","isPartOf":{"@id":"https:\/\/www.isabelroyan.com\/#website"},"primaryImageOfPage":{"@id":"https:\/\/www.isabelroyan.com\/novedad\/la-bso-de-olvido-en-la-iv-edicion-de-sonafilm-de-la-mano-de-la-universal-symphony-orchestra\/#primaryimage"},"image":{"@id":"https:\/\/www.isabelroyan.com\/novedad\/la-bso-de-olvido-en-la-iv-edicion-de-sonafilm-de-la-mano-de-la-universal-symphony-orchestra\/#primaryimage"},"thumbnailUrl":"https:\/\/www.isabelroyan.com\/wp-content\/uploads\/2025\/11\/16_08_2025_festival_sonafilm-scaled.jpg","datePublished":"2025-11-17T13:33:10+00:00","dateModified":"2025-11-17T13:40:15+00:00","description":"Por tercer a\u00f1o consecutivo, Calpe celebrar\u00e1 el concierto sinf\u00f3nico Made in Spain 3, a cargo de la Universal Symphony Orchestra, contando con obras de compositores nacionales como Arturo Cardel\u00fas, Iv\u00e1n Palomares, Isabel Roy\u00e1n, Josu\u00e9 Vergara y \u00d3scar Ara\u00fajo, presentados por Gorka Oteiza de SoundTrackFest. El concierto tendr\u00e1 lugar el 16 de agosto de 2025 a las 20:00 horas en el Auditorio de Calpe y en \u00e9l se interpretar\u00e1 una suite de la banda sonora compuesta por Isabel Roy\u00e1n para la pel\u00edcula de In\u00e9s Par\u00eds \"Olvido\", un film ambientado en las inundaciones que arrasaron Valencia en 1957 y en cuyo contexto aparecen unos cad\u00e1veres en extra\u00f1as circunstancias que parecen no tener que ver con el desastre natural. La banda sonora se grab\u00f3 en su versi\u00f3n original con orquesta en Estudio Uno y cont\u00f3 con la participaci\u00f3n del Tr\u00edo Arb\u00f3s, Premios Nacional de M\u00fasica 2018.","breadcrumb":{"@id":"https:\/\/www.isabelroyan.com\/novedad\/la-bso-de-olvido-en-la-iv-edicion-de-sonafilm-de-la-mano-de-la-universal-symphony-orchestra\/#breadcrumb"},"inLanguage":"en-GB","potentialAction":[{"@type":"ReadAction","target":["https:\/\/www.isabelroyan.com\/novedad\/la-bso-de-olvido-en-la-iv-edicion-de-sonafilm-de-la-mano-de-la-universal-symphony-orchestra\/"]}]},{"@type":"ImageObject","inLanguage":"en-GB","@id":"https:\/\/www.isabelroyan.com\/novedad\/la-bso-de-olvido-en-la-iv-edicion-de-sonafilm-de-la-mano-de-la-universal-symphony-orchestra\/#primaryimage","url":"https:\/\/www.isabelroyan.com\/wp-content\/uploads\/2025\/11\/16_08_2025_festival_sonafilm-scaled.jpg","contentUrl":"https:\/\/www.isabelroyan.com\/wp-content\/uploads\/2025\/11\/16_08_2025_festival_sonafilm-scaled.jpg","width":1811,"height":2560},{"@type":"BreadcrumbList","@id":"https:\/\/www.isabelroyan.com\/novedad\/la-bso-de-olvido-en-la-iv-edicion-de-sonafilm-de-la-mano-de-la-universal-symphony-orchestra\/#breadcrumb","itemListElement":[{"@type":"ListItem","position":1,"name":"Portada","item":"https:\/\/www.isabelroyan.com\/"},{"@type":"ListItem","position":2,"name":"La BSO de \u00abOlvido\u00bb en la IV edici\u00f3n de Sonafilm de la mano de la Universal Symphony Orchestra"}]},{"@type":"WebSite","@id":"https:\/\/www.isabelroyan.com\/#website","url":"https:\/\/www.isabelroyan.com\/","name":"Isabel Roy\u00e1n","description":"","potentialAction":[{"@type":"SearchAction","target":{"@type":"EntryPoint","urlTemplate":"https:\/\/www.isabelroyan.com\/?s={search_term_string}"},"query-input":{"@type":"PropertyValueSpecification","valueRequired":true,"valueName":"search_term_string"}}],"inLanguage":"en-GB"}]}},"_links":{"self":[{"href":"https:\/\/www.isabelroyan.com\/eng\/wp-json\/wp\/v2\/novedad\/2659","targetHints":{"allow":["GET"]}}],"collection":[{"href":"https:\/\/www.isabelroyan.com\/eng\/wp-json\/wp\/v2\/novedad"}],"about":[{"href":"https:\/\/www.isabelroyan.com\/eng\/wp-json\/wp\/v2\/types\/novedad"}],"wp:featuredmedia":[{"embeddable":true,"href":"https:\/\/www.isabelroyan.com\/eng\/wp-json\/wp\/v2\/media\/2661"}],"wp:attachment":[{"href":"https:\/\/www.isabelroyan.com\/eng\/wp-json\/wp\/v2\/media?parent=2659"}],"curies":[{"name":"wp","href":"https:\/\/api.w.org\/{rel}","templated":true}]}}