{"id":2667,"date":"2025-11-18T11:23:31","date_gmt":"2025-11-18T11:23:31","guid":{"rendered":"https:\/\/www.isabelroyan.com\/?post_type=novedad&#038;p=2667"},"modified":"2025-11-18T11:23:32","modified_gmt":"2025-11-18T11:23:32","slug":"cines-callao-celebra-la-premiere-de-cuerpos-locos-la-nueva-pelicula-de-ana-murugarren-con-musica-de-isabel-royan","status":"publish","type":"novedad","link":"https:\/\/www.isabelroyan.com\/eng\/novedad\/cines-callao-celebra-la-premiere-de-cuerpos-locos-la-nueva-pelicula-de-ana-murugarren-con-musica-de-isabel-royan\/","title":{"rendered":"Cines Callao celebra la premi\u00e8re de \u00abCuerpos Locos\u00bb, la nueva pel\u00edcula de Ana Murugarren con m\u00fasica de Isabel Roy\u00e1n"},"content":{"rendered":"","protected":false},"excerpt":{"rendered":"","protected":false},"featured_media":2668,"template":"","meta":{"_acf_changed":true},"class_list":["post-2667","novedad","type-novedad","status-publish","has-post-thumbnail","hentry"],"acf":[],"yoast_head":"<!-- This site is optimized with the Yoast SEO plugin v24.6 - https:\/\/yoast.com\/wordpress\/plugins\/seo\/ -->\n<title>Cines Callao celebra la premi\u00e8re de &quot;Cuerpos Locos&quot;, la nueva pel\u00edcula de Ana Murugarren con m\u00fasica de Isabel Roy\u00e1n - Isabel Roy\u00e1n<\/title>\n<meta name=\"description\" content=\"El 27 de octubre en el cine Callao de Madrid, tuvo lugar la premiere de &quot;Cuerpos Locos&quot;, el nuevo film de la taquillera Ana Murugarren y que cuenta con banda sonora original de Isabel Roy\u00e1n. En el evento se cont\u00f3 con la presencia de su directora, Ana Murugarren, el elenco de actores integrado por Paz Padilla, Antonio Resines, Diego Arroba \u201cel Cejas\u201d, Ra\u00fal Fern\u00e1ndez de Pablo, David Fern\u00e1ndez \u201cel Chiquilicuatre\u201d, Goizalde N\u00fa\u00f1ez, Athenea Mata y los ni\u00f1os Maia Zaitegi, Carlos Moroll\u00f3n, David Calder\u00f3n y Vega Cano entre otros. &quot;Vivir en el cuerpo de otro, como viajar en el tiempo, siempre ha sido un deseo irresistible para el ser humano. El problema es cuando el cambio de cuerpos llega sin desearlo. \u00abCuerpos Locos\u00bb ofrece, con este intercambio de cuerpos de una ni\u00f1a de diez a\u00f1os y la novia de su padre, adem\u00e1s de la necesaria diversi\u00f3n propia del g\u00e9nero, una buena v\u00eda de comprensi\u00f3n entre adulta y preadolescente\u201d, reflexiona su directora. La pel\u00edcula llegar\u00e1 a salas el pr\u00f3ximo 31 de octubre de 2025 y estar\u00e1 distribuida por A Contracorriente Films.\" \/>\n<meta name=\"robots\" content=\"index, follow, max-snippet:-1, max-image-preview:large, max-video-preview:-1\" \/>\n<link rel=\"canonical\" href=\"https:\/\/www.isabelroyan.com\/eng\/novedad\/cines-callao-celebra-la-premiere-de-cuerpos-locos-la-nueva-pelicula-de-ana-murugarren-con-musica-de-isabel-royan\/\" \/>\n<meta property=\"og:locale\" content=\"en_GB\" \/>\n<meta property=\"og:type\" content=\"article\" \/>\n<meta property=\"og:title\" content=\"Cines Callao celebra la premi\u00e8re de &quot;Cuerpos Locos&quot;, la nueva pel\u00edcula de Ana Murugarren con m\u00fasica de Isabel Roy\u00e1n - Isabel Roy\u00e1n\" \/>\n<meta property=\"og:description\" content=\"El 27 de octubre en el cine Callao de Madrid, tuvo lugar la premiere de &quot;Cuerpos Locos&quot;, el nuevo film de la taquillera Ana Murugarren y que cuenta con banda sonora original de Isabel Roy\u00e1n. En el evento se cont\u00f3 con la presencia de su directora, Ana Murugarren, el elenco de actores integrado por Paz Padilla, Antonio Resines, Diego Arroba \u201cel Cejas\u201d, Ra\u00fal Fern\u00e1ndez de Pablo, David Fern\u00e1ndez \u201cel Chiquilicuatre\u201d, Goizalde N\u00fa\u00f1ez, Athenea Mata y los ni\u00f1os Maia Zaitegi, Carlos Moroll\u00f3n, David Calder\u00f3n y Vega Cano entre otros. &quot;Vivir en el cuerpo de otro, como viajar en el tiempo, siempre ha sido un deseo irresistible para el ser humano. El problema es cuando el cambio de cuerpos llega sin desearlo. \u00abCuerpos Locos\u00bb ofrece, con este intercambio de cuerpos de una ni\u00f1a de diez a\u00f1os y la novia de su padre, adem\u00e1s de la necesaria diversi\u00f3n propia del g\u00e9nero, una buena v\u00eda de comprensi\u00f3n entre adulta y preadolescente\u201d, reflexiona su directora. La pel\u00edcula llegar\u00e1 a salas el pr\u00f3ximo 31 de octubre de 2025 y estar\u00e1 distribuida por A Contracorriente Films.\" \/>\n<meta property=\"og:url\" content=\"https:\/\/www.isabelroyan.com\/eng\/novedad\/cines-callao-celebra-la-premiere-de-cuerpos-locos-la-nueva-pelicula-de-ana-murugarren-con-musica-de-isabel-royan\/\" \/>\n<meta property=\"og:site_name\" content=\"Isabel Roy\u00e1n\" \/>\n<meta property=\"article:modified_time\" content=\"2025-11-18T11:23:32+00:00\" \/>\n<meta property=\"og:image\" content=\"https:\/\/www.isabelroyan.com\/wp-content\/uploads\/2025\/11\/570627825_18295285378280171_322259362623829783_n.jpg\" \/>\n\t<meta property=\"og:image:width\" content=\"1440\" \/>\n\t<meta property=\"og:image:height\" content=\"1800\" \/>\n\t<meta property=\"og:image:type\" content=\"image\/jpeg\" \/>\n<meta name=\"twitter:card\" content=\"summary_large_image\" \/>\n<meta name=\"twitter:label1\" content=\"Estimated reading time\" \/>\n\t<meta name=\"twitter:data1\" content=\"1 minute\" \/>\n<script type=\"application\/ld+json\" class=\"yoast-schema-graph\">{\"@context\":\"https:\/\/schema.org\",\"@graph\":[{\"@type\":\"WebPage\",\"@id\":\"https:\/\/www.isabelroyan.com\/novedad\/cines-callao-celebra-la-premiere-de-cuerpos-locos-la-nueva-pelicula-de-ana-murugarren-con-musica-de-isabel-royan\/\",\"url\":\"https:\/\/www.isabelroyan.com\/novedad\/cines-callao-celebra-la-premiere-de-cuerpos-locos-la-nueva-pelicula-de-ana-murugarren-con-musica-de-isabel-royan\/\",\"name\":\"Cines Callao celebra la premi\u00e8re de \\\"Cuerpos Locos\\\", la nueva pel\u00edcula de Ana Murugarren con m\u00fasica de Isabel Roy\u00e1n - Isabel Roy\u00e1n\",\"isPartOf\":{\"@id\":\"https:\/\/www.isabelroyan.com\/#website\"},\"primaryImageOfPage\":{\"@id\":\"https:\/\/www.isabelroyan.com\/novedad\/cines-callao-celebra-la-premiere-de-cuerpos-locos-la-nueva-pelicula-de-ana-murugarren-con-musica-de-isabel-royan\/#primaryimage\"},\"image\":{\"@id\":\"https:\/\/www.isabelroyan.com\/novedad\/cines-callao-celebra-la-premiere-de-cuerpos-locos-la-nueva-pelicula-de-ana-murugarren-con-musica-de-isabel-royan\/#primaryimage\"},\"thumbnailUrl\":\"https:\/\/www.isabelroyan.com\/wp-content\/uploads\/2025\/11\/570627825_18295285378280171_322259362623829783_n.jpg\",\"datePublished\":\"2025-11-18T11:23:31+00:00\",\"dateModified\":\"2025-11-18T11:23:32+00:00\",\"description\":\"El 27 de octubre en el cine Callao de Madrid, tuvo lugar la premiere de \\\"Cuerpos Locos\\\", el nuevo film de la taquillera Ana Murugarren y que cuenta con banda sonora original de Isabel Roy\u00e1n. En el evento se cont\u00f3 con la presencia de su directora, Ana Murugarren, el elenco de actores integrado por Paz Padilla, Antonio Resines, Diego Arroba \u201cel Cejas\u201d, Ra\u00fal Fern\u00e1ndez de Pablo, David Fern\u00e1ndez \u201cel Chiquilicuatre\u201d, Goizalde N\u00fa\u00f1ez, Athenea Mata y los ni\u00f1os Maia Zaitegi, Carlos Moroll\u00f3n, David Calder\u00f3n y Vega Cano entre otros. \\\"Vivir en el cuerpo de otro, como viajar en el tiempo, siempre ha sido un deseo irresistible para el ser humano. El problema es cuando el cambio de cuerpos llega sin desearlo. \u00abCuerpos Locos\u00bb ofrece, con este intercambio de cuerpos de una ni\u00f1a de diez a\u00f1os y la novia de su padre, adem\u00e1s de la necesaria diversi\u00f3n propia del g\u00e9nero, una buena v\u00eda de comprensi\u00f3n entre adulta y preadolescente\u201d, reflexiona su directora. La pel\u00edcula llegar\u00e1 a salas el pr\u00f3ximo 31 de octubre de 2025 y estar\u00e1 distribuida por A Contracorriente Films.\",\"breadcrumb\":{\"@id\":\"https:\/\/www.isabelroyan.com\/novedad\/cines-callao-celebra-la-premiere-de-cuerpos-locos-la-nueva-pelicula-de-ana-murugarren-con-musica-de-isabel-royan\/#breadcrumb\"},\"inLanguage\":\"en-GB\",\"potentialAction\":[{\"@type\":\"ReadAction\",\"target\":[\"https:\/\/www.isabelroyan.com\/novedad\/cines-callao-celebra-la-premiere-de-cuerpos-locos-la-nueva-pelicula-de-ana-murugarren-con-musica-de-isabel-royan\/\"]}]},{\"@type\":\"ImageObject\",\"inLanguage\":\"en-GB\",\"@id\":\"https:\/\/www.isabelroyan.com\/novedad\/cines-callao-celebra-la-premiere-de-cuerpos-locos-la-nueva-pelicula-de-ana-murugarren-con-musica-de-isabel-royan\/#primaryimage\",\"url\":\"https:\/\/www.isabelroyan.com\/wp-content\/uploads\/2025\/11\/570627825_18295285378280171_322259362623829783_n.jpg\",\"contentUrl\":\"https:\/\/www.isabelroyan.com\/wp-content\/uploads\/2025\/11\/570627825_18295285378280171_322259362623829783_n.jpg\",\"width\":1440,\"height\":1800},{\"@type\":\"BreadcrumbList\",\"@id\":\"https:\/\/www.isabelroyan.com\/novedad\/cines-callao-celebra-la-premiere-de-cuerpos-locos-la-nueva-pelicula-de-ana-murugarren-con-musica-de-isabel-royan\/#breadcrumb\",\"itemListElement\":[{\"@type\":\"ListItem\",\"position\":1,\"name\":\"Portada\",\"item\":\"https:\/\/www.isabelroyan.com\/\"},{\"@type\":\"ListItem\",\"position\":2,\"name\":\"Cines Callao celebra la premi\u00e8re de \u00abCuerpos Locos\u00bb, la nueva pel\u00edcula de Ana Murugarren con m\u00fasica de Isabel Roy\u00e1n\"}]},{\"@type\":\"WebSite\",\"@id\":\"https:\/\/www.isabelroyan.com\/#website\",\"url\":\"https:\/\/www.isabelroyan.com\/\",\"name\":\"Isabel Roy\u00e1n\",\"description\":\"\",\"potentialAction\":[{\"@type\":\"SearchAction\",\"target\":{\"@type\":\"EntryPoint\",\"urlTemplate\":\"https:\/\/www.isabelroyan.com\/?s={search_term_string}\"},\"query-input\":{\"@type\":\"PropertyValueSpecification\",\"valueRequired\":true,\"valueName\":\"search_term_string\"}}],\"inLanguage\":\"en-GB\"}]}<\/script>\n<!-- \/ Yoast SEO plugin. -->","yoast_head_json":{"title":"Cines Callao celebra la premi\u00e8re de \"Cuerpos Locos\", la nueva pel\u00edcula de Ana Murugarren con m\u00fasica de Isabel Roy\u00e1n - Isabel Roy\u00e1n","description":"El 27 de octubre en el cine Callao de Madrid, tuvo lugar la premiere de \"Cuerpos Locos\", el nuevo film de la taquillera Ana Murugarren y que cuenta con banda sonora original de Isabel Roy\u00e1n. En el evento se cont\u00f3 con la presencia de su directora, Ana Murugarren, el elenco de actores integrado por Paz Padilla, Antonio Resines, Diego Arroba \u201cel Cejas\u201d, Ra\u00fal Fern\u00e1ndez de Pablo, David Fern\u00e1ndez \u201cel Chiquilicuatre\u201d, Goizalde N\u00fa\u00f1ez, Athenea Mata y los ni\u00f1os Maia Zaitegi, Carlos Moroll\u00f3n, David Calder\u00f3n y Vega Cano entre otros. \"Vivir en el cuerpo de otro, como viajar en el tiempo, siempre ha sido un deseo irresistible para el ser humano. El problema es cuando el cambio de cuerpos llega sin desearlo. \u00abCuerpos Locos\u00bb ofrece, con este intercambio de cuerpos de una ni\u00f1a de diez a\u00f1os y la novia de su padre, adem\u00e1s de la necesaria diversi\u00f3n propia del g\u00e9nero, una buena v\u00eda de comprensi\u00f3n entre adulta y preadolescente\u201d, reflexiona su directora. La pel\u00edcula llegar\u00e1 a salas el pr\u00f3ximo 31 de octubre de 2025 y estar\u00e1 distribuida por A Contracorriente Films.","robots":{"index":"index","follow":"follow","max-snippet":"max-snippet:-1","max-image-preview":"max-image-preview:large","max-video-preview":"max-video-preview:-1"},"canonical":"https:\/\/www.isabelroyan.com\/eng\/novedad\/cines-callao-celebra-la-premiere-de-cuerpos-locos-la-nueva-pelicula-de-ana-murugarren-con-musica-de-isabel-royan\/","og_locale":"en_GB","og_type":"article","og_title":"Cines Callao celebra la premi\u00e8re de \"Cuerpos Locos\", la nueva pel\u00edcula de Ana Murugarren con m\u00fasica de Isabel Roy\u00e1n - Isabel Roy\u00e1n","og_description":"El 27 de octubre en el cine Callao de Madrid, tuvo lugar la premiere de \"Cuerpos Locos\", el nuevo film de la taquillera Ana Murugarren y que cuenta con banda sonora original de Isabel Roy\u00e1n. En el evento se cont\u00f3 con la presencia de su directora, Ana Murugarren, el elenco de actores integrado por Paz Padilla, Antonio Resines, Diego Arroba \u201cel Cejas\u201d, Ra\u00fal Fern\u00e1ndez de Pablo, David Fern\u00e1ndez \u201cel Chiquilicuatre\u201d, Goizalde N\u00fa\u00f1ez, Athenea Mata y los ni\u00f1os Maia Zaitegi, Carlos Moroll\u00f3n, David Calder\u00f3n y Vega Cano entre otros. \"Vivir en el cuerpo de otro, como viajar en el tiempo, siempre ha sido un deseo irresistible para el ser humano. El problema es cuando el cambio de cuerpos llega sin desearlo. \u00abCuerpos Locos\u00bb ofrece, con este intercambio de cuerpos de una ni\u00f1a de diez a\u00f1os y la novia de su padre, adem\u00e1s de la necesaria diversi\u00f3n propia del g\u00e9nero, una buena v\u00eda de comprensi\u00f3n entre adulta y preadolescente\u201d, reflexiona su directora. La pel\u00edcula llegar\u00e1 a salas el pr\u00f3ximo 31 de octubre de 2025 y estar\u00e1 distribuida por A Contracorriente Films.","og_url":"https:\/\/www.isabelroyan.com\/eng\/novedad\/cines-callao-celebra-la-premiere-de-cuerpos-locos-la-nueva-pelicula-de-ana-murugarren-con-musica-de-isabel-royan\/","og_site_name":"Isabel Roy\u00e1n","article_modified_time":"2025-11-18T11:23:32+00:00","og_image":[{"width":1440,"height":1800,"url":"https:\/\/www.isabelroyan.com\/wp-content\/uploads\/2025\/11\/570627825_18295285378280171_322259362623829783_n.jpg","type":"image\/jpeg"}],"twitter_card":"summary_large_image","twitter_misc":{"Estimated reading time":"1 minute"},"schema":{"@context":"https:\/\/schema.org","@graph":[{"@type":"WebPage","@id":"https:\/\/www.isabelroyan.com\/novedad\/cines-callao-celebra-la-premiere-de-cuerpos-locos-la-nueva-pelicula-de-ana-murugarren-con-musica-de-isabel-royan\/","url":"https:\/\/www.isabelroyan.com\/novedad\/cines-callao-celebra-la-premiere-de-cuerpos-locos-la-nueva-pelicula-de-ana-murugarren-con-musica-de-isabel-royan\/","name":"Cines Callao celebra la premi\u00e8re de \"Cuerpos Locos\", la nueva pel\u00edcula de Ana Murugarren con m\u00fasica de Isabel Roy\u00e1n - Isabel Roy\u00e1n","isPartOf":{"@id":"https:\/\/www.isabelroyan.com\/#website"},"primaryImageOfPage":{"@id":"https:\/\/www.isabelroyan.com\/novedad\/cines-callao-celebra-la-premiere-de-cuerpos-locos-la-nueva-pelicula-de-ana-murugarren-con-musica-de-isabel-royan\/#primaryimage"},"image":{"@id":"https:\/\/www.isabelroyan.com\/novedad\/cines-callao-celebra-la-premiere-de-cuerpos-locos-la-nueva-pelicula-de-ana-murugarren-con-musica-de-isabel-royan\/#primaryimage"},"thumbnailUrl":"https:\/\/www.isabelroyan.com\/wp-content\/uploads\/2025\/11\/570627825_18295285378280171_322259362623829783_n.jpg","datePublished":"2025-11-18T11:23:31+00:00","dateModified":"2025-11-18T11:23:32+00:00","description":"El 27 de octubre en el cine Callao de Madrid, tuvo lugar la premiere de \"Cuerpos Locos\", el nuevo film de la taquillera Ana Murugarren y que cuenta con banda sonora original de Isabel Roy\u00e1n. En el evento se cont\u00f3 con la presencia de su directora, Ana Murugarren, el elenco de actores integrado por Paz Padilla, Antonio Resines, Diego Arroba \u201cel Cejas\u201d, Ra\u00fal Fern\u00e1ndez de Pablo, David Fern\u00e1ndez \u201cel Chiquilicuatre\u201d, Goizalde N\u00fa\u00f1ez, Athenea Mata y los ni\u00f1os Maia Zaitegi, Carlos Moroll\u00f3n, David Calder\u00f3n y Vega Cano entre otros. \"Vivir en el cuerpo de otro, como viajar en el tiempo, siempre ha sido un deseo irresistible para el ser humano. El problema es cuando el cambio de cuerpos llega sin desearlo. \u00abCuerpos Locos\u00bb ofrece, con este intercambio de cuerpos de una ni\u00f1a de diez a\u00f1os y la novia de su padre, adem\u00e1s de la necesaria diversi\u00f3n propia del g\u00e9nero, una buena v\u00eda de comprensi\u00f3n entre adulta y preadolescente\u201d, reflexiona su directora. La pel\u00edcula llegar\u00e1 a salas el pr\u00f3ximo 31 de octubre de 2025 y estar\u00e1 distribuida por A Contracorriente Films.","breadcrumb":{"@id":"https:\/\/www.isabelroyan.com\/novedad\/cines-callao-celebra-la-premiere-de-cuerpos-locos-la-nueva-pelicula-de-ana-murugarren-con-musica-de-isabel-royan\/#breadcrumb"},"inLanguage":"en-GB","potentialAction":[{"@type":"ReadAction","target":["https:\/\/www.isabelroyan.com\/novedad\/cines-callao-celebra-la-premiere-de-cuerpos-locos-la-nueva-pelicula-de-ana-murugarren-con-musica-de-isabel-royan\/"]}]},{"@type":"ImageObject","inLanguage":"en-GB","@id":"https:\/\/www.isabelroyan.com\/novedad\/cines-callao-celebra-la-premiere-de-cuerpos-locos-la-nueva-pelicula-de-ana-murugarren-con-musica-de-isabel-royan\/#primaryimage","url":"https:\/\/www.isabelroyan.com\/wp-content\/uploads\/2025\/11\/570627825_18295285378280171_322259362623829783_n.jpg","contentUrl":"https:\/\/www.isabelroyan.com\/wp-content\/uploads\/2025\/11\/570627825_18295285378280171_322259362623829783_n.jpg","width":1440,"height":1800},{"@type":"BreadcrumbList","@id":"https:\/\/www.isabelroyan.com\/novedad\/cines-callao-celebra-la-premiere-de-cuerpos-locos-la-nueva-pelicula-de-ana-murugarren-con-musica-de-isabel-royan\/#breadcrumb","itemListElement":[{"@type":"ListItem","position":1,"name":"Portada","item":"https:\/\/www.isabelroyan.com\/"},{"@type":"ListItem","position":2,"name":"Cines Callao celebra la premi\u00e8re de \u00abCuerpos Locos\u00bb, la nueva pel\u00edcula de Ana Murugarren con m\u00fasica de Isabel Roy\u00e1n"}]},{"@type":"WebSite","@id":"https:\/\/www.isabelroyan.com\/#website","url":"https:\/\/www.isabelroyan.com\/","name":"Isabel Roy\u00e1n","description":"","potentialAction":[{"@type":"SearchAction","target":{"@type":"EntryPoint","urlTemplate":"https:\/\/www.isabelroyan.com\/?s={search_term_string}"},"query-input":{"@type":"PropertyValueSpecification","valueRequired":true,"valueName":"search_term_string"}}],"inLanguage":"en-GB"}]}},"_links":{"self":[{"href":"https:\/\/www.isabelroyan.com\/eng\/wp-json\/wp\/v2\/novedad\/2667","targetHints":{"allow":["GET"]}}],"collection":[{"href":"https:\/\/www.isabelroyan.com\/eng\/wp-json\/wp\/v2\/novedad"}],"about":[{"href":"https:\/\/www.isabelroyan.com\/eng\/wp-json\/wp\/v2\/types\/novedad"}],"wp:featuredmedia":[{"embeddable":true,"href":"https:\/\/www.isabelroyan.com\/eng\/wp-json\/wp\/v2\/media\/2668"}],"wp:attachment":[{"href":"https:\/\/www.isabelroyan.com\/eng\/wp-json\/wp\/v2\/media?parent=2667"}],"curies":[{"name":"wp","href":"https:\/\/api.w.org\/{rel}","templated":true}]}}