{"id":2669,"date":"2025-11-18T11:50:31","date_gmt":"2025-11-18T11:50:31","guid":{"rendered":"https:\/\/www.isabelroyan.com\/?post_type=novedad&#038;p=2669"},"modified":"2025-11-18T11:50:32","modified_gmt":"2025-11-18T11:50:32","slug":"velintonia-3-llega-al-festival-de-cine-de-sevilla-y-al-festival-de-cine-iberoamericano-de-huelva-antes-de-su-estreno-comercial-en-salas","status":"publish","type":"novedad","link":"https:\/\/www.isabelroyan.com\/eng\/novedad\/velintonia-3-llega-al-festival-de-cine-de-sevilla-y-al-festival-de-cine-iberoamericano-de-huelva-antes-de-su-estreno-comercial-en-salas\/","title":{"rendered":"&#8216;Velintonia 3&#8217; llega al Festival de Cine de Sevilla y al Festival de Cine Iberoamericano de Huelva antes de su estreno comercial en salas"},"content":{"rendered":"","protected":false},"excerpt":{"rendered":"","protected":false},"featured_media":2671,"template":"","meta":{"_acf_changed":false},"class_list":["post-2669","novedad","type-novedad","status-publish","has-post-thumbnail","hentry"],"acf":[],"yoast_head":"<!-- This site is optimized with the Yoast SEO plugin v24.6 - https:\/\/yoast.com\/wordpress\/plugins\/seo\/ -->\n<title>&#039;Velintonia 3&#039; llega al Festival de Cine de Sevilla y al Festival de Cine Iberoamericano de Huelva antes de su estreno comercial en salas - Isabel Roy\u00e1n<\/title>\n<meta name=\"description\" content=\"La pel\u00edcula &quot;Velintonia 3&quot;, una historia de poes\u00eda y amistad sobre la casa del Nobel Vicente Aleixandre, participar\u00e1 en el Festival de Sevilla antes de llegar a los cines a finales de noviembre. El documental de Javier Vila, con m\u00fasica creada a partir de los sonidos de la propia casa por la compositora Isabel Roy\u00e1n, revive el oasis de poes\u00eda y amistad que fue la casa del Premio Nobel de Literatura Vicente Aleixandre y recupera la memoria viva a punto de extinguirse de este lugar \u00fanico. El film contin\u00faa su viaje de festivales con el Festival de Cine Europeo de Sevilla, uno de los cert\u00e1menes m\u00e1s prestigiosos que se celebra del 7 al 15 de noviembre. Antes de su estreno comercial en salas espa\u00f1olas en ciudades como Madrid, Barcelona, Sevilla o M\u00e1laga, previsto para el 28 de noviembre, la pel\u00edcula tambi\u00e9n formar\u00e1 parte de la IV Muestra Internacional de Cine Po\u00e9tico \u2013 Maldito Festival en Albacete, el pr\u00f3ximo 12 de noviembre. El filme logra, tras cuarenta a\u00f1os de clausura y abandono, abrir nuevamente las puertas de Velintonia y reunir a los \u00faltimos poetas amigos del poeta, hoy octogenarios, los nov\u00edsimos Vicente Molina Foix, Guillermo Carnero, Marcos Ricardo Barnat\u00e1n, Antonio Colinas y Jaime Siles\u2014 que, con sus recuerdos, y junto a las lecturas de los actores Antonio de la Torre, Ana Fern\u00e1ndez, Mona Mart\u00ednez y Manolo Solo de escritos y cartas del propio Aleixandre, Lorca, Neruda, Miguel Hern\u00e1ndez o Carmen Conde, reconstruyen la historia coral de este lugar de peregrinaci\u00f3n, pero tambi\u00e9n, refugio e isla de libertad, para cuatro generaciones de escritores. Este ejercicio colectivo de recuperaci\u00f3n de una memoria viva, a punto de desaparecer, encuentra en el documental un testimonio \u00fanico que urg\u00eda ser contado.\" \/>\n<meta name=\"robots\" content=\"index, follow, max-snippet:-1, max-image-preview:large, max-video-preview:-1\" \/>\n<link rel=\"canonical\" href=\"https:\/\/www.isabelroyan.com\/eng\/novedad\/velintonia-3-llega-al-festival-de-cine-de-sevilla-y-al-festival-de-cine-iberoamericano-de-huelva-antes-de-su-estreno-comercial-en-salas\/\" \/>\n<meta property=\"og:locale\" content=\"en_GB\" \/>\n<meta property=\"og:type\" content=\"article\" \/>\n<meta property=\"og:title\" content=\"&#039;Velintonia 3&#039; llega al Festival de Cine de Sevilla y al Festival de Cine Iberoamericano de Huelva antes de su estreno comercial en salas - Isabel Roy\u00e1n\" \/>\n<meta property=\"og:description\" content=\"La pel\u00edcula &quot;Velintonia 3&quot;, una historia de poes\u00eda y amistad sobre la casa del Nobel Vicente Aleixandre, participar\u00e1 en el Festival de Sevilla antes de llegar a los cines a finales de noviembre. El documental de Javier Vila, con m\u00fasica creada a partir de los sonidos de la propia casa por la compositora Isabel Roy\u00e1n, revive el oasis de poes\u00eda y amistad que fue la casa del Premio Nobel de Literatura Vicente Aleixandre y recupera la memoria viva a punto de extinguirse de este lugar \u00fanico. El film contin\u00faa su viaje de festivales con el Festival de Cine Europeo de Sevilla, uno de los cert\u00e1menes m\u00e1s prestigiosos que se celebra del 7 al 15 de noviembre. Antes de su estreno comercial en salas espa\u00f1olas en ciudades como Madrid, Barcelona, Sevilla o M\u00e1laga, previsto para el 28 de noviembre, la pel\u00edcula tambi\u00e9n formar\u00e1 parte de la IV Muestra Internacional de Cine Po\u00e9tico \u2013 Maldito Festival en Albacete, el pr\u00f3ximo 12 de noviembre. El filme logra, tras cuarenta a\u00f1os de clausura y abandono, abrir nuevamente las puertas de Velintonia y reunir a los \u00faltimos poetas amigos del poeta, hoy octogenarios, los nov\u00edsimos Vicente Molina Foix, Guillermo Carnero, Marcos Ricardo Barnat\u00e1n, Antonio Colinas y Jaime Siles\u2014 que, con sus recuerdos, y junto a las lecturas de los actores Antonio de la Torre, Ana Fern\u00e1ndez, Mona Mart\u00ednez y Manolo Solo de escritos y cartas del propio Aleixandre, Lorca, Neruda, Miguel Hern\u00e1ndez o Carmen Conde, reconstruyen la historia coral de este lugar de peregrinaci\u00f3n, pero tambi\u00e9n, refugio e isla de libertad, para cuatro generaciones de escritores. Este ejercicio colectivo de recuperaci\u00f3n de una memoria viva, a punto de desaparecer, encuentra en el documental un testimonio \u00fanico que urg\u00eda ser contado.\" \/>\n<meta property=\"og:url\" content=\"https:\/\/www.isabelroyan.com\/eng\/novedad\/velintonia-3-llega-al-festival-de-cine-de-sevilla-y-al-festival-de-cine-iberoamericano-de-huelva-antes-de-su-estreno-comercial-en-salas\/\" \/>\n<meta property=\"og:site_name\" content=\"Isabel Roy\u00e1n\" \/>\n<meta property=\"article:modified_time\" content=\"2025-11-18T11:50:32+00:00\" \/>\n<meta property=\"og:image\" content=\"https:\/\/www.isabelroyan.com\/wp-content\/uploads\/2025\/11\/Velintonia-recorte-scaled.jpg\" \/>\n\t<meta property=\"og:image:width\" content=\"2560\" \/>\n\t<meta property=\"og:image:height\" content=\"2240\" \/>\n\t<meta property=\"og:image:type\" content=\"image\/jpeg\" \/>\n<meta name=\"twitter:card\" content=\"summary_large_image\" \/>\n<meta name=\"twitter:label1\" content=\"Estimated reading time\" \/>\n\t<meta name=\"twitter:data1\" content=\"1 minute\" \/>\n<script type=\"application\/ld+json\" class=\"yoast-schema-graph\">{\"@context\":\"https:\/\/schema.org\",\"@graph\":[{\"@type\":\"WebPage\",\"@id\":\"https:\/\/www.isabelroyan.com\/novedad\/velintonia-3-llega-al-festival-de-cine-de-sevilla-y-al-festival-de-cine-iberoamericano-de-huelva-antes-de-su-estreno-comercial-en-salas\/\",\"url\":\"https:\/\/www.isabelroyan.com\/novedad\/velintonia-3-llega-al-festival-de-cine-de-sevilla-y-al-festival-de-cine-iberoamericano-de-huelva-antes-de-su-estreno-comercial-en-salas\/\",\"name\":\"'Velintonia 3' llega al Festival de Cine de Sevilla y al Festival de Cine Iberoamericano de Huelva antes de su estreno comercial en salas - Isabel Roy\u00e1n\",\"isPartOf\":{\"@id\":\"https:\/\/www.isabelroyan.com\/#website\"},\"primaryImageOfPage\":{\"@id\":\"https:\/\/www.isabelroyan.com\/novedad\/velintonia-3-llega-al-festival-de-cine-de-sevilla-y-al-festival-de-cine-iberoamericano-de-huelva-antes-de-su-estreno-comercial-en-salas\/#primaryimage\"},\"image\":{\"@id\":\"https:\/\/www.isabelroyan.com\/novedad\/velintonia-3-llega-al-festival-de-cine-de-sevilla-y-al-festival-de-cine-iberoamericano-de-huelva-antes-de-su-estreno-comercial-en-salas\/#primaryimage\"},\"thumbnailUrl\":\"https:\/\/www.isabelroyan.com\/wp-content\/uploads\/2025\/11\/Velintonia-recorte-scaled.jpg\",\"datePublished\":\"2025-11-18T11:50:31+00:00\",\"dateModified\":\"2025-11-18T11:50:32+00:00\",\"description\":\"La pel\u00edcula \\\"Velintonia 3\\\", una historia de poes\u00eda y amistad sobre la casa del Nobel Vicente Aleixandre, participar\u00e1 en el Festival de Sevilla antes de llegar a los cines a finales de noviembre. El documental de Javier Vila, con m\u00fasica creada a partir de los sonidos de la propia casa por la compositora Isabel Roy\u00e1n, revive el oasis de poes\u00eda y amistad que fue la casa del Premio Nobel de Literatura Vicente Aleixandre y recupera la memoria viva a punto de extinguirse de este lugar \u00fanico. El film contin\u00faa su viaje de festivales con el Festival de Cine Europeo de Sevilla, uno de los cert\u00e1menes m\u00e1s prestigiosos que se celebra del 7 al 15 de noviembre. Antes de su estreno comercial en salas espa\u00f1olas en ciudades como Madrid, Barcelona, Sevilla o M\u00e1laga, previsto para el 28 de noviembre, la pel\u00edcula tambi\u00e9n formar\u00e1 parte de la IV Muestra Internacional de Cine Po\u00e9tico \u2013 Maldito Festival en Albacete, el pr\u00f3ximo 12 de noviembre. El filme logra, tras cuarenta a\u00f1os de clausura y abandono, abrir nuevamente las puertas de Velintonia y reunir a los \u00faltimos poetas amigos del poeta, hoy octogenarios, los nov\u00edsimos Vicente Molina Foix, Guillermo Carnero, Marcos Ricardo Barnat\u00e1n, Antonio Colinas y Jaime Siles\u2014 que, con sus recuerdos, y junto a las lecturas de los actores Antonio de la Torre, Ana Fern\u00e1ndez, Mona Mart\u00ednez y Manolo Solo de escritos y cartas del propio Aleixandre, Lorca, Neruda, Miguel Hern\u00e1ndez o Carmen Conde, reconstruyen la historia coral de este lugar de peregrinaci\u00f3n, pero tambi\u00e9n, refugio e isla de libertad, para cuatro generaciones de escritores. Este ejercicio colectivo de recuperaci\u00f3n de una memoria viva, a punto de desaparecer, encuentra en el documental un testimonio \u00fanico que urg\u00eda ser contado.\",\"breadcrumb\":{\"@id\":\"https:\/\/www.isabelroyan.com\/novedad\/velintonia-3-llega-al-festival-de-cine-de-sevilla-y-al-festival-de-cine-iberoamericano-de-huelva-antes-de-su-estreno-comercial-en-salas\/#breadcrumb\"},\"inLanguage\":\"en-GB\",\"potentialAction\":[{\"@type\":\"ReadAction\",\"target\":[\"https:\/\/www.isabelroyan.com\/novedad\/velintonia-3-llega-al-festival-de-cine-de-sevilla-y-al-festival-de-cine-iberoamericano-de-huelva-antes-de-su-estreno-comercial-en-salas\/\"]}]},{\"@type\":\"ImageObject\",\"inLanguage\":\"en-GB\",\"@id\":\"https:\/\/www.isabelroyan.com\/novedad\/velintonia-3-llega-al-festival-de-cine-de-sevilla-y-al-festival-de-cine-iberoamericano-de-huelva-antes-de-su-estreno-comercial-en-salas\/#primaryimage\",\"url\":\"https:\/\/www.isabelroyan.com\/wp-content\/uploads\/2025\/11\/Velintonia-recorte-scaled.jpg\",\"contentUrl\":\"https:\/\/www.isabelroyan.com\/wp-content\/uploads\/2025\/11\/Velintonia-recorte-scaled.jpg\",\"width\":2560,\"height\":2240},{\"@type\":\"BreadcrumbList\",\"@id\":\"https:\/\/www.isabelroyan.com\/novedad\/velintonia-3-llega-al-festival-de-cine-de-sevilla-y-al-festival-de-cine-iberoamericano-de-huelva-antes-de-su-estreno-comercial-en-salas\/#breadcrumb\",\"itemListElement\":[{\"@type\":\"ListItem\",\"position\":1,\"name\":\"Portada\",\"item\":\"https:\/\/www.isabelroyan.com\/\"},{\"@type\":\"ListItem\",\"position\":2,\"name\":\"&#8216;Velintonia 3&#8217; llega al Festival de Cine de Sevilla y al Festival de Cine Iberoamericano de Huelva antes de su estreno comercial en salas\"}]},{\"@type\":\"WebSite\",\"@id\":\"https:\/\/www.isabelroyan.com\/#website\",\"url\":\"https:\/\/www.isabelroyan.com\/\",\"name\":\"Isabel Roy\u00e1n\",\"description\":\"\",\"potentialAction\":[{\"@type\":\"SearchAction\",\"target\":{\"@type\":\"EntryPoint\",\"urlTemplate\":\"https:\/\/www.isabelroyan.com\/?s={search_term_string}\"},\"query-input\":{\"@type\":\"PropertyValueSpecification\",\"valueRequired\":true,\"valueName\":\"search_term_string\"}}],\"inLanguage\":\"en-GB\"}]}<\/script>\n<!-- \/ Yoast SEO plugin. -->","yoast_head_json":{"title":"'Velintonia 3' llega al Festival de Cine de Sevilla y al Festival de Cine Iberoamericano de Huelva antes de su estreno comercial en salas - Isabel Roy\u00e1n","description":"La pel\u00edcula \"Velintonia 3\", una historia de poes\u00eda y amistad sobre la casa del Nobel Vicente Aleixandre, participar\u00e1 en el Festival de Sevilla antes de llegar a los cines a finales de noviembre. El documental de Javier Vila, con m\u00fasica creada a partir de los sonidos de la propia casa por la compositora Isabel Roy\u00e1n, revive el oasis de poes\u00eda y amistad que fue la casa del Premio Nobel de Literatura Vicente Aleixandre y recupera la memoria viva a punto de extinguirse de este lugar \u00fanico. El film contin\u00faa su viaje de festivales con el Festival de Cine Europeo de Sevilla, uno de los cert\u00e1menes m\u00e1s prestigiosos que se celebra del 7 al 15 de noviembre. Antes de su estreno comercial en salas espa\u00f1olas en ciudades como Madrid, Barcelona, Sevilla o M\u00e1laga, previsto para el 28 de noviembre, la pel\u00edcula tambi\u00e9n formar\u00e1 parte de la IV Muestra Internacional de Cine Po\u00e9tico \u2013 Maldito Festival en Albacete, el pr\u00f3ximo 12 de noviembre. El filme logra, tras cuarenta a\u00f1os de clausura y abandono, abrir nuevamente las puertas de Velintonia y reunir a los \u00faltimos poetas amigos del poeta, hoy octogenarios, los nov\u00edsimos Vicente Molina Foix, Guillermo Carnero, Marcos Ricardo Barnat\u00e1n, Antonio Colinas y Jaime Siles\u2014 que, con sus recuerdos, y junto a las lecturas de los actores Antonio de la Torre, Ana Fern\u00e1ndez, Mona Mart\u00ednez y Manolo Solo de escritos y cartas del propio Aleixandre, Lorca, Neruda, Miguel Hern\u00e1ndez o Carmen Conde, reconstruyen la historia coral de este lugar de peregrinaci\u00f3n, pero tambi\u00e9n, refugio e isla de libertad, para cuatro generaciones de escritores. Este ejercicio colectivo de recuperaci\u00f3n de una memoria viva, a punto de desaparecer, encuentra en el documental un testimonio \u00fanico que urg\u00eda ser contado.","robots":{"index":"index","follow":"follow","max-snippet":"max-snippet:-1","max-image-preview":"max-image-preview:large","max-video-preview":"max-video-preview:-1"},"canonical":"https:\/\/www.isabelroyan.com\/eng\/novedad\/velintonia-3-llega-al-festival-de-cine-de-sevilla-y-al-festival-de-cine-iberoamericano-de-huelva-antes-de-su-estreno-comercial-en-salas\/","og_locale":"en_GB","og_type":"article","og_title":"'Velintonia 3' llega al Festival de Cine de Sevilla y al Festival de Cine Iberoamericano de Huelva antes de su estreno comercial en salas - Isabel Roy\u00e1n","og_description":"La pel\u00edcula \"Velintonia 3\", una historia de poes\u00eda y amistad sobre la casa del Nobel Vicente Aleixandre, participar\u00e1 en el Festival de Sevilla antes de llegar a los cines a finales de noviembre. El documental de Javier Vila, con m\u00fasica creada a partir de los sonidos de la propia casa por la compositora Isabel Roy\u00e1n, revive el oasis de poes\u00eda y amistad que fue la casa del Premio Nobel de Literatura Vicente Aleixandre y recupera la memoria viva a punto de extinguirse de este lugar \u00fanico. El film contin\u00faa su viaje de festivales con el Festival de Cine Europeo de Sevilla, uno de los cert\u00e1menes m\u00e1s prestigiosos que se celebra del 7 al 15 de noviembre. Antes de su estreno comercial en salas espa\u00f1olas en ciudades como Madrid, Barcelona, Sevilla o M\u00e1laga, previsto para el 28 de noviembre, la pel\u00edcula tambi\u00e9n formar\u00e1 parte de la IV Muestra Internacional de Cine Po\u00e9tico \u2013 Maldito Festival en Albacete, el pr\u00f3ximo 12 de noviembre. El filme logra, tras cuarenta a\u00f1os de clausura y abandono, abrir nuevamente las puertas de Velintonia y reunir a los \u00faltimos poetas amigos del poeta, hoy octogenarios, los nov\u00edsimos Vicente Molina Foix, Guillermo Carnero, Marcos Ricardo Barnat\u00e1n, Antonio Colinas y Jaime Siles\u2014 que, con sus recuerdos, y junto a las lecturas de los actores Antonio de la Torre, Ana Fern\u00e1ndez, Mona Mart\u00ednez y Manolo Solo de escritos y cartas del propio Aleixandre, Lorca, Neruda, Miguel Hern\u00e1ndez o Carmen Conde, reconstruyen la historia coral de este lugar de peregrinaci\u00f3n, pero tambi\u00e9n, refugio e isla de libertad, para cuatro generaciones de escritores. Este ejercicio colectivo de recuperaci\u00f3n de una memoria viva, a punto de desaparecer, encuentra en el documental un testimonio \u00fanico que urg\u00eda ser contado.","og_url":"https:\/\/www.isabelroyan.com\/eng\/novedad\/velintonia-3-llega-al-festival-de-cine-de-sevilla-y-al-festival-de-cine-iberoamericano-de-huelva-antes-de-su-estreno-comercial-en-salas\/","og_site_name":"Isabel Roy\u00e1n","article_modified_time":"2025-11-18T11:50:32+00:00","og_image":[{"width":2560,"height":2240,"url":"https:\/\/www.isabelroyan.com\/wp-content\/uploads\/2025\/11\/Velintonia-recorte-scaled.jpg","type":"image\/jpeg"}],"twitter_card":"summary_large_image","twitter_misc":{"Estimated reading time":"1 minute"},"schema":{"@context":"https:\/\/schema.org","@graph":[{"@type":"WebPage","@id":"https:\/\/www.isabelroyan.com\/novedad\/velintonia-3-llega-al-festival-de-cine-de-sevilla-y-al-festival-de-cine-iberoamericano-de-huelva-antes-de-su-estreno-comercial-en-salas\/","url":"https:\/\/www.isabelroyan.com\/novedad\/velintonia-3-llega-al-festival-de-cine-de-sevilla-y-al-festival-de-cine-iberoamericano-de-huelva-antes-de-su-estreno-comercial-en-salas\/","name":"'Velintonia 3' llega al Festival de Cine de Sevilla y al Festival de Cine Iberoamericano de Huelva antes de su estreno comercial en salas - Isabel Roy\u00e1n","isPartOf":{"@id":"https:\/\/www.isabelroyan.com\/#website"},"primaryImageOfPage":{"@id":"https:\/\/www.isabelroyan.com\/novedad\/velintonia-3-llega-al-festival-de-cine-de-sevilla-y-al-festival-de-cine-iberoamericano-de-huelva-antes-de-su-estreno-comercial-en-salas\/#primaryimage"},"image":{"@id":"https:\/\/www.isabelroyan.com\/novedad\/velintonia-3-llega-al-festival-de-cine-de-sevilla-y-al-festival-de-cine-iberoamericano-de-huelva-antes-de-su-estreno-comercial-en-salas\/#primaryimage"},"thumbnailUrl":"https:\/\/www.isabelroyan.com\/wp-content\/uploads\/2025\/11\/Velintonia-recorte-scaled.jpg","datePublished":"2025-11-18T11:50:31+00:00","dateModified":"2025-11-18T11:50:32+00:00","description":"La pel\u00edcula \"Velintonia 3\", una historia de poes\u00eda y amistad sobre la casa del Nobel Vicente Aleixandre, participar\u00e1 en el Festival de Sevilla antes de llegar a los cines a finales de noviembre. El documental de Javier Vila, con m\u00fasica creada a partir de los sonidos de la propia casa por la compositora Isabel Roy\u00e1n, revive el oasis de poes\u00eda y amistad que fue la casa del Premio Nobel de Literatura Vicente Aleixandre y recupera la memoria viva a punto de extinguirse de este lugar \u00fanico. El film contin\u00faa su viaje de festivales con el Festival de Cine Europeo de Sevilla, uno de los cert\u00e1menes m\u00e1s prestigiosos que se celebra del 7 al 15 de noviembre. Antes de su estreno comercial en salas espa\u00f1olas en ciudades como Madrid, Barcelona, Sevilla o M\u00e1laga, previsto para el 28 de noviembre, la pel\u00edcula tambi\u00e9n formar\u00e1 parte de la IV Muestra Internacional de Cine Po\u00e9tico \u2013 Maldito Festival en Albacete, el pr\u00f3ximo 12 de noviembre. El filme logra, tras cuarenta a\u00f1os de clausura y abandono, abrir nuevamente las puertas de Velintonia y reunir a los \u00faltimos poetas amigos del poeta, hoy octogenarios, los nov\u00edsimos Vicente Molina Foix, Guillermo Carnero, Marcos Ricardo Barnat\u00e1n, Antonio Colinas y Jaime Siles\u2014 que, con sus recuerdos, y junto a las lecturas de los actores Antonio de la Torre, Ana Fern\u00e1ndez, Mona Mart\u00ednez y Manolo Solo de escritos y cartas del propio Aleixandre, Lorca, Neruda, Miguel Hern\u00e1ndez o Carmen Conde, reconstruyen la historia coral de este lugar de peregrinaci\u00f3n, pero tambi\u00e9n, refugio e isla de libertad, para cuatro generaciones de escritores. Este ejercicio colectivo de recuperaci\u00f3n de una memoria viva, a punto de desaparecer, encuentra en el documental un testimonio \u00fanico que urg\u00eda ser contado.","breadcrumb":{"@id":"https:\/\/www.isabelroyan.com\/novedad\/velintonia-3-llega-al-festival-de-cine-de-sevilla-y-al-festival-de-cine-iberoamericano-de-huelva-antes-de-su-estreno-comercial-en-salas\/#breadcrumb"},"inLanguage":"en-GB","potentialAction":[{"@type":"ReadAction","target":["https:\/\/www.isabelroyan.com\/novedad\/velintonia-3-llega-al-festival-de-cine-de-sevilla-y-al-festival-de-cine-iberoamericano-de-huelva-antes-de-su-estreno-comercial-en-salas\/"]}]},{"@type":"ImageObject","inLanguage":"en-GB","@id":"https:\/\/www.isabelroyan.com\/novedad\/velintonia-3-llega-al-festival-de-cine-de-sevilla-y-al-festival-de-cine-iberoamericano-de-huelva-antes-de-su-estreno-comercial-en-salas\/#primaryimage","url":"https:\/\/www.isabelroyan.com\/wp-content\/uploads\/2025\/11\/Velintonia-recorte-scaled.jpg","contentUrl":"https:\/\/www.isabelroyan.com\/wp-content\/uploads\/2025\/11\/Velintonia-recorte-scaled.jpg","width":2560,"height":2240},{"@type":"BreadcrumbList","@id":"https:\/\/www.isabelroyan.com\/novedad\/velintonia-3-llega-al-festival-de-cine-de-sevilla-y-al-festival-de-cine-iberoamericano-de-huelva-antes-de-su-estreno-comercial-en-salas\/#breadcrumb","itemListElement":[{"@type":"ListItem","position":1,"name":"Portada","item":"https:\/\/www.isabelroyan.com\/"},{"@type":"ListItem","position":2,"name":"&#8216;Velintonia 3&#8217; llega al Festival de Cine de Sevilla y al Festival de Cine Iberoamericano de Huelva antes de su estreno comercial en salas"}]},{"@type":"WebSite","@id":"https:\/\/www.isabelroyan.com\/#website","url":"https:\/\/www.isabelroyan.com\/","name":"Isabel Roy\u00e1n","description":"","potentialAction":[{"@type":"SearchAction","target":{"@type":"EntryPoint","urlTemplate":"https:\/\/www.isabelroyan.com\/?s={search_term_string}"},"query-input":{"@type":"PropertyValueSpecification","valueRequired":true,"valueName":"search_term_string"}}],"inLanguage":"en-GB"}]}},"_links":{"self":[{"href":"https:\/\/www.isabelroyan.com\/eng\/wp-json\/wp\/v2\/novedad\/2669","targetHints":{"allow":["GET"]}}],"collection":[{"href":"https:\/\/www.isabelroyan.com\/eng\/wp-json\/wp\/v2\/novedad"}],"about":[{"href":"https:\/\/www.isabelroyan.com\/eng\/wp-json\/wp\/v2\/types\/novedad"}],"wp:featuredmedia":[{"embeddable":true,"href":"https:\/\/www.isabelroyan.com\/eng\/wp-json\/wp\/v2\/media\/2671"}],"wp:attachment":[{"href":"https:\/\/www.isabelroyan.com\/eng\/wp-json\/wp\/v2\/media?parent=2669"}],"curies":[{"name":"wp","href":"https:\/\/api.w.org\/{rel}","templated":true}]}}