{"id":2672,"date":"2025-11-18T11:49:05","date_gmt":"2025-11-18T11:49:05","guid":{"rendered":"https:\/\/www.isabelroyan.com\/?post_type=novedad&#038;p=2672"},"modified":"2025-11-18T11:49:06","modified_gmt":"2025-11-18T11:49:06","slug":"cuerpos-locos-de-ana-murugarren-llegara-a-salas-el-proximo-31-de-octubre","status":"publish","type":"novedad","link":"https:\/\/www.isabelroyan.com\/eng\/novedad\/cuerpos-locos-de-ana-murugarren-llegara-a-salas-el-proximo-31-de-octubre\/","title":{"rendered":"\u00abCuerpos locos\u00bb de Ana Murugarren llegar\u00e1 a salas el pr\u00f3ximo 31 de octubre"},"content":{"rendered":"","protected":false},"excerpt":{"rendered":"","protected":false},"featured_media":2673,"template":"","meta":{"_acf_changed":true},"class_list":["post-2672","novedad","type-novedad","status-publish","has-post-thumbnail","hentry"],"acf":[],"yoast_head":"<!-- This site is optimized with the Yoast SEO plugin v24.6 - https:\/\/yoast.com\/wordpress\/plugins\/seo\/ -->\n<title>&quot;Cuerpos locos&quot; de Ana Murugarren llegar\u00e1 a salas el pr\u00f3ximo 31 de octubre - Isabel Roy\u00e1n<\/title>\n<meta name=\"description\" content=\"\u201cCuerpos Locos\u201d, la comedia fant\u00e1stica dirigida por Ana Murugarren y con banda sonora de la compositora Isabel Roy\u00e1n, tiene previsto su estreno en toda Espa\u00f1a el pr\u00f3ximo 31 de octubre. La pel\u00edcula plantea un giro fant\u00e1stico: Ana, una ni\u00f1a de diez a\u00f1os, y Sara, la futura madrastra que est\u00e1 a punto de casarse con su padre, intercambian sus cuerpos como consecuencia de una misteriosa magia desencadenada durante un ins\u00f3lito fen\u00f3meno meteorol\u00f3gico. A trav\u00e9s del humor y los equ\u00edvocos, el film explora temas como la empat\u00eda, el valor de ponerse en el lugar del otro y la construcci\u00f3n de puentes entre dos mundos alejados. La m\u00fasica de Roy\u00e1n acompa\u00f1a esta historia m\u00e1gica a trav\u00e9s de sonidos orquestales, jazz\u00edsticos, folk y rock llenos de color, juguetones y vibrantes, como el propio mundo que ha construido Murugarren para contar su historia.\" \/>\n<meta name=\"robots\" content=\"index, follow, max-snippet:-1, max-image-preview:large, max-video-preview:-1\" \/>\n<link rel=\"canonical\" href=\"https:\/\/www.isabelroyan.com\/eng\/novedad\/cuerpos-locos-de-ana-murugarren-llegara-a-salas-el-proximo-31-de-octubre\/\" \/>\n<meta property=\"og:locale\" content=\"en_GB\" \/>\n<meta property=\"og:type\" content=\"article\" \/>\n<meta property=\"og:title\" content=\"&quot;Cuerpos locos&quot; de Ana Murugarren llegar\u00e1 a salas el pr\u00f3ximo 31 de octubre - Isabel Roy\u00e1n\" \/>\n<meta property=\"og:description\" content=\"\u201cCuerpos Locos\u201d, la comedia fant\u00e1stica dirigida por Ana Murugarren y con banda sonora de la compositora Isabel Roy\u00e1n, tiene previsto su estreno en toda Espa\u00f1a el pr\u00f3ximo 31 de octubre. La pel\u00edcula plantea un giro fant\u00e1stico: Ana, una ni\u00f1a de diez a\u00f1os, y Sara, la futura madrastra que est\u00e1 a punto de casarse con su padre, intercambian sus cuerpos como consecuencia de una misteriosa magia desencadenada durante un ins\u00f3lito fen\u00f3meno meteorol\u00f3gico. A trav\u00e9s del humor y los equ\u00edvocos, el film explora temas como la empat\u00eda, el valor de ponerse en el lugar del otro y la construcci\u00f3n de puentes entre dos mundos alejados. La m\u00fasica de Roy\u00e1n acompa\u00f1a esta historia m\u00e1gica a trav\u00e9s de sonidos orquestales, jazz\u00edsticos, folk y rock llenos de color, juguetones y vibrantes, como el propio mundo que ha construido Murugarren para contar su historia.\" \/>\n<meta property=\"og:url\" content=\"https:\/\/www.isabelroyan.com\/eng\/novedad\/cuerpos-locos-de-ana-murugarren-llegara-a-salas-el-proximo-31-de-octubre\/\" \/>\n<meta property=\"og:site_name\" content=\"Isabel Roy\u00e1n\" \/>\n<meta property=\"article:modified_time\" content=\"2025-11-18T11:49:06+00:00\" \/>\n<meta property=\"og:image\" content=\"https:\/\/www.isabelroyan.com\/wp-content\/uploads\/2025\/11\/CuerposLocos_cartel.jpeg\" \/>\n\t<meta property=\"og:image:width\" content=\"1120\" \/>\n\t<meta property=\"og:image:height\" content=\"1600\" \/>\n\t<meta property=\"og:image:type\" content=\"image\/jpeg\" \/>\n<meta name=\"twitter:card\" content=\"summary_large_image\" \/>\n<meta name=\"twitter:label1\" content=\"Estimated reading time\" \/>\n\t<meta name=\"twitter:data1\" content=\"1 minute\" \/>\n<script type=\"application\/ld+json\" class=\"yoast-schema-graph\">{\"@context\":\"https:\/\/schema.org\",\"@graph\":[{\"@type\":\"WebPage\",\"@id\":\"https:\/\/www.isabelroyan.com\/novedad\/cuerpos-locos-de-ana-murugarren-llegara-a-salas-el-proximo-31-de-octubre\/\",\"url\":\"https:\/\/www.isabelroyan.com\/novedad\/cuerpos-locos-de-ana-murugarren-llegara-a-salas-el-proximo-31-de-octubre\/\",\"name\":\"\\\"Cuerpos locos\\\" de Ana Murugarren llegar\u00e1 a salas el pr\u00f3ximo 31 de octubre - Isabel Roy\u00e1n\",\"isPartOf\":{\"@id\":\"https:\/\/www.isabelroyan.com\/#website\"},\"primaryImageOfPage\":{\"@id\":\"https:\/\/www.isabelroyan.com\/novedad\/cuerpos-locos-de-ana-murugarren-llegara-a-salas-el-proximo-31-de-octubre\/#primaryimage\"},\"image\":{\"@id\":\"https:\/\/www.isabelroyan.com\/novedad\/cuerpos-locos-de-ana-murugarren-llegara-a-salas-el-proximo-31-de-octubre\/#primaryimage\"},\"thumbnailUrl\":\"https:\/\/www.isabelroyan.com\/wp-content\/uploads\/2025\/11\/CuerposLocos_cartel.jpeg\",\"datePublished\":\"2025-11-18T11:49:05+00:00\",\"dateModified\":\"2025-11-18T11:49:06+00:00\",\"description\":\"\u201cCuerpos Locos\u201d, la comedia fant\u00e1stica dirigida por Ana Murugarren y con banda sonora de la compositora Isabel Roy\u00e1n, tiene previsto su estreno en toda Espa\u00f1a el pr\u00f3ximo 31 de octubre. La pel\u00edcula plantea un giro fant\u00e1stico: Ana, una ni\u00f1a de diez a\u00f1os, y Sara, la futura madrastra que est\u00e1 a punto de casarse con su padre, intercambian sus cuerpos como consecuencia de una misteriosa magia desencadenada durante un ins\u00f3lito fen\u00f3meno meteorol\u00f3gico. A trav\u00e9s del humor y los equ\u00edvocos, el film explora temas como la empat\u00eda, el valor de ponerse en el lugar del otro y la construcci\u00f3n de puentes entre dos mundos alejados. La m\u00fasica de Roy\u00e1n acompa\u00f1a esta historia m\u00e1gica a trav\u00e9s de sonidos orquestales, jazz\u00edsticos, folk y rock llenos de color, juguetones y vibrantes, como el propio mundo que ha construido Murugarren para contar su historia.\",\"breadcrumb\":{\"@id\":\"https:\/\/www.isabelroyan.com\/novedad\/cuerpos-locos-de-ana-murugarren-llegara-a-salas-el-proximo-31-de-octubre\/#breadcrumb\"},\"inLanguage\":\"en-GB\",\"potentialAction\":[{\"@type\":\"ReadAction\",\"target\":[\"https:\/\/www.isabelroyan.com\/novedad\/cuerpos-locos-de-ana-murugarren-llegara-a-salas-el-proximo-31-de-octubre\/\"]}]},{\"@type\":\"ImageObject\",\"inLanguage\":\"en-GB\",\"@id\":\"https:\/\/www.isabelroyan.com\/novedad\/cuerpos-locos-de-ana-murugarren-llegara-a-salas-el-proximo-31-de-octubre\/#primaryimage\",\"url\":\"https:\/\/www.isabelroyan.com\/wp-content\/uploads\/2025\/11\/CuerposLocos_cartel.jpeg\",\"contentUrl\":\"https:\/\/www.isabelroyan.com\/wp-content\/uploads\/2025\/11\/CuerposLocos_cartel.jpeg\",\"width\":1120,\"height\":1600},{\"@type\":\"BreadcrumbList\",\"@id\":\"https:\/\/www.isabelroyan.com\/novedad\/cuerpos-locos-de-ana-murugarren-llegara-a-salas-el-proximo-31-de-octubre\/#breadcrumb\",\"itemListElement\":[{\"@type\":\"ListItem\",\"position\":1,\"name\":\"Portada\",\"item\":\"https:\/\/www.isabelroyan.com\/\"},{\"@type\":\"ListItem\",\"position\":2,\"name\":\"\u00abCuerpos locos\u00bb de Ana Murugarren llegar\u00e1 a salas el pr\u00f3ximo 31 de octubre\"}]},{\"@type\":\"WebSite\",\"@id\":\"https:\/\/www.isabelroyan.com\/#website\",\"url\":\"https:\/\/www.isabelroyan.com\/\",\"name\":\"Isabel Roy\u00e1n\",\"description\":\"\",\"potentialAction\":[{\"@type\":\"SearchAction\",\"target\":{\"@type\":\"EntryPoint\",\"urlTemplate\":\"https:\/\/www.isabelroyan.com\/?s={search_term_string}\"},\"query-input\":{\"@type\":\"PropertyValueSpecification\",\"valueRequired\":true,\"valueName\":\"search_term_string\"}}],\"inLanguage\":\"en-GB\"}]}<\/script>\n<!-- \/ Yoast SEO plugin. -->","yoast_head_json":{"title":"\"Cuerpos locos\" de Ana Murugarren llegar\u00e1 a salas el pr\u00f3ximo 31 de octubre - Isabel Roy\u00e1n","description":"\u201cCuerpos Locos\u201d, la comedia fant\u00e1stica dirigida por Ana Murugarren y con banda sonora de la compositora Isabel Roy\u00e1n, tiene previsto su estreno en toda Espa\u00f1a el pr\u00f3ximo 31 de octubre. La pel\u00edcula plantea un giro fant\u00e1stico: Ana, una ni\u00f1a de diez a\u00f1os, y Sara, la futura madrastra que est\u00e1 a punto de casarse con su padre, intercambian sus cuerpos como consecuencia de una misteriosa magia desencadenada durante un ins\u00f3lito fen\u00f3meno meteorol\u00f3gico. A trav\u00e9s del humor y los equ\u00edvocos, el film explora temas como la empat\u00eda, el valor de ponerse en el lugar del otro y la construcci\u00f3n de puentes entre dos mundos alejados. La m\u00fasica de Roy\u00e1n acompa\u00f1a esta historia m\u00e1gica a trav\u00e9s de sonidos orquestales, jazz\u00edsticos, folk y rock llenos de color, juguetones y vibrantes, como el propio mundo que ha construido Murugarren para contar su historia.","robots":{"index":"index","follow":"follow","max-snippet":"max-snippet:-1","max-image-preview":"max-image-preview:large","max-video-preview":"max-video-preview:-1"},"canonical":"https:\/\/www.isabelroyan.com\/eng\/novedad\/cuerpos-locos-de-ana-murugarren-llegara-a-salas-el-proximo-31-de-octubre\/","og_locale":"en_GB","og_type":"article","og_title":"\"Cuerpos locos\" de Ana Murugarren llegar\u00e1 a salas el pr\u00f3ximo 31 de octubre - Isabel Roy\u00e1n","og_description":"\u201cCuerpos Locos\u201d, la comedia fant\u00e1stica dirigida por Ana Murugarren y con banda sonora de la compositora Isabel Roy\u00e1n, tiene previsto su estreno en toda Espa\u00f1a el pr\u00f3ximo 31 de octubre. La pel\u00edcula plantea un giro fant\u00e1stico: Ana, una ni\u00f1a de diez a\u00f1os, y Sara, la futura madrastra que est\u00e1 a punto de casarse con su padre, intercambian sus cuerpos como consecuencia de una misteriosa magia desencadenada durante un ins\u00f3lito fen\u00f3meno meteorol\u00f3gico. A trav\u00e9s del humor y los equ\u00edvocos, el film explora temas como la empat\u00eda, el valor de ponerse en el lugar del otro y la construcci\u00f3n de puentes entre dos mundos alejados. La m\u00fasica de Roy\u00e1n acompa\u00f1a esta historia m\u00e1gica a trav\u00e9s de sonidos orquestales, jazz\u00edsticos, folk y rock llenos de color, juguetones y vibrantes, como el propio mundo que ha construido Murugarren para contar su historia.","og_url":"https:\/\/www.isabelroyan.com\/eng\/novedad\/cuerpos-locos-de-ana-murugarren-llegara-a-salas-el-proximo-31-de-octubre\/","og_site_name":"Isabel Roy\u00e1n","article_modified_time":"2025-11-18T11:49:06+00:00","og_image":[{"width":1120,"height":1600,"url":"https:\/\/www.isabelroyan.com\/wp-content\/uploads\/2025\/11\/CuerposLocos_cartel.jpeg","type":"image\/jpeg"}],"twitter_card":"summary_large_image","twitter_misc":{"Estimated reading time":"1 minute"},"schema":{"@context":"https:\/\/schema.org","@graph":[{"@type":"WebPage","@id":"https:\/\/www.isabelroyan.com\/novedad\/cuerpos-locos-de-ana-murugarren-llegara-a-salas-el-proximo-31-de-octubre\/","url":"https:\/\/www.isabelroyan.com\/novedad\/cuerpos-locos-de-ana-murugarren-llegara-a-salas-el-proximo-31-de-octubre\/","name":"\"Cuerpos locos\" de Ana Murugarren llegar\u00e1 a salas el pr\u00f3ximo 31 de octubre - Isabel Roy\u00e1n","isPartOf":{"@id":"https:\/\/www.isabelroyan.com\/#website"},"primaryImageOfPage":{"@id":"https:\/\/www.isabelroyan.com\/novedad\/cuerpos-locos-de-ana-murugarren-llegara-a-salas-el-proximo-31-de-octubre\/#primaryimage"},"image":{"@id":"https:\/\/www.isabelroyan.com\/novedad\/cuerpos-locos-de-ana-murugarren-llegara-a-salas-el-proximo-31-de-octubre\/#primaryimage"},"thumbnailUrl":"https:\/\/www.isabelroyan.com\/wp-content\/uploads\/2025\/11\/CuerposLocos_cartel.jpeg","datePublished":"2025-11-18T11:49:05+00:00","dateModified":"2025-11-18T11:49:06+00:00","description":"\u201cCuerpos Locos\u201d, la comedia fant\u00e1stica dirigida por Ana Murugarren y con banda sonora de la compositora Isabel Roy\u00e1n, tiene previsto su estreno en toda Espa\u00f1a el pr\u00f3ximo 31 de octubre. La pel\u00edcula plantea un giro fant\u00e1stico: Ana, una ni\u00f1a de diez a\u00f1os, y Sara, la futura madrastra que est\u00e1 a punto de casarse con su padre, intercambian sus cuerpos como consecuencia de una misteriosa magia desencadenada durante un ins\u00f3lito fen\u00f3meno meteorol\u00f3gico. A trav\u00e9s del humor y los equ\u00edvocos, el film explora temas como la empat\u00eda, el valor de ponerse en el lugar del otro y la construcci\u00f3n de puentes entre dos mundos alejados. La m\u00fasica de Roy\u00e1n acompa\u00f1a esta historia m\u00e1gica a trav\u00e9s de sonidos orquestales, jazz\u00edsticos, folk y rock llenos de color, juguetones y vibrantes, como el propio mundo que ha construido Murugarren para contar su historia.","breadcrumb":{"@id":"https:\/\/www.isabelroyan.com\/novedad\/cuerpos-locos-de-ana-murugarren-llegara-a-salas-el-proximo-31-de-octubre\/#breadcrumb"},"inLanguage":"en-GB","potentialAction":[{"@type":"ReadAction","target":["https:\/\/www.isabelroyan.com\/novedad\/cuerpos-locos-de-ana-murugarren-llegara-a-salas-el-proximo-31-de-octubre\/"]}]},{"@type":"ImageObject","inLanguage":"en-GB","@id":"https:\/\/www.isabelroyan.com\/novedad\/cuerpos-locos-de-ana-murugarren-llegara-a-salas-el-proximo-31-de-octubre\/#primaryimage","url":"https:\/\/www.isabelroyan.com\/wp-content\/uploads\/2025\/11\/CuerposLocos_cartel.jpeg","contentUrl":"https:\/\/www.isabelroyan.com\/wp-content\/uploads\/2025\/11\/CuerposLocos_cartel.jpeg","width":1120,"height":1600},{"@type":"BreadcrumbList","@id":"https:\/\/www.isabelroyan.com\/novedad\/cuerpos-locos-de-ana-murugarren-llegara-a-salas-el-proximo-31-de-octubre\/#breadcrumb","itemListElement":[{"@type":"ListItem","position":1,"name":"Portada","item":"https:\/\/www.isabelroyan.com\/"},{"@type":"ListItem","position":2,"name":"\u00abCuerpos locos\u00bb de Ana Murugarren llegar\u00e1 a salas el pr\u00f3ximo 31 de octubre"}]},{"@type":"WebSite","@id":"https:\/\/www.isabelroyan.com\/#website","url":"https:\/\/www.isabelroyan.com\/","name":"Isabel Roy\u00e1n","description":"","potentialAction":[{"@type":"SearchAction","target":{"@type":"EntryPoint","urlTemplate":"https:\/\/www.isabelroyan.com\/?s={search_term_string}"},"query-input":{"@type":"PropertyValueSpecification","valueRequired":true,"valueName":"search_term_string"}}],"inLanguage":"en-GB"}]}},"_links":{"self":[{"href":"https:\/\/www.isabelroyan.com\/eng\/wp-json\/wp\/v2\/novedad\/2672","targetHints":{"allow":["GET"]}}],"collection":[{"href":"https:\/\/www.isabelroyan.com\/eng\/wp-json\/wp\/v2\/novedad"}],"about":[{"href":"https:\/\/www.isabelroyan.com\/eng\/wp-json\/wp\/v2\/types\/novedad"}],"wp:featuredmedia":[{"embeddable":true,"href":"https:\/\/www.isabelroyan.com\/eng\/wp-json\/wp\/v2\/media\/2673"}],"wp:attachment":[{"href":"https:\/\/www.isabelroyan.com\/eng\/wp-json\/wp\/v2\/media?parent=2672"}],"curies":[{"name":"wp","href":"https:\/\/api.w.org\/{rel}","templated":true}]}}